{"id":5359,"date":"2021-11-15T15:29:06","date_gmt":"2021-11-15T15:29:06","guid":{"rendered":"https:\/\/www.assist-riviera.com\/?page_id=5359"},"modified":"2026-01-26T22:56:31","modified_gmt":"2026-01-26T22:56:31","slug":"climatisation-cap-ail-eze","status":"publish","type":"page","link":"https:\/\/www.assist-riviera.com\/fr\/climatisation-cap-ail-eze\/","title":{"rendered":"Climatisation Cap d\u2019Ail et Eze : Installation Climatiseur Daikin"},"content":{"rendered":"<p>[et_pb_section fb_built=\u00a0\u00bb1&Prime; _builder_version=\u00a0\u00bb4.6.1&Prime; background_color=\u00a0\u00bbrgba(226,226,226,0.3)\u00a0\u00bb background_image=\u00a0\u00bbhttps:\/\/www.assist-riviera.com\/wp-content\/uploads\/2021\/10\/installateur-de-clim-eze-et-cap-dail.jpg\u00a0\u00bb background_position=\u00a0\u00bbtop_center\u00a0\u00bb background_blend=\u00a0\u00bboverlay\u00a0\u00bb custom_padding=\u00a0\u00bb100px||100px||true|false\u00a0\u00bb bottom_divider_height=\u00a0\u00bb73px\u00a0\u00bb bottom_divider_flip=\u00a0\u00bbvertical\u00a0\u00bb global_colors_info=\u00a0\u00bb{}\u00a0\u00bb][et_pb_row _builder_version=\u00a0\u00bb3.26.6&Prime; global_colors_info=\u00a0\u00bb{}\u00a0\u00bb][et_pb_column type=\u00a0\u00bb4_4&Prime; _builder_version=\u00a0\u00bb3.26.6&Prime; global_colors_info=\u00a0\u00bb{}\u00a0\u00bb][et_pb_text _builder_version=\u00a0\u00bb4.13.0&Prime; text_font=\u00a0\u00bb||||||||\u00a0\u00bb header_font=\u00a0\u00bb|||on|||||\u00a0\u00bb header_text_align=\u00a0\u00bbcenter\u00a0\u00bb header_text_color=\u00a0\u00bb#ffffff\u00a0\u00bb header_font_size=\u00a0\u00bb38px\u00a0\u00bb text_orientation=\u00a0\u00bbcenter\u00a0\u00bb header_text_shadow_style=\u00a0\u00bbpreset3&Prime; header_text_shadow_color=\u00a0\u00bb#000000&Prime; text_text_align=\u00a0\u00bbcenter\u00a0\u00bb global_colors_info=\u00a0\u00bb{}\u00a0\u00bb]<\/p>\n<h1 style=\"text-align: center;\">Installation climatisation \u00e0 Eze et \u00e0 Cap d&rsquo;Ail<\/h1>\n<p>[\/et_pb_text][et_pb_button button_url=\u00a0\u00bbtel:+33780999899&Prime; button_text=\u00a0\u00bb07 80 99 98 99&Prime; button_alignment=\u00a0\u00bbcenter\u00a0\u00bb _builder_version=\u00a0\u00bb4.13.0&Prime; custom_button=\u00a0\u00bbon\u00a0\u00bb button_text_size=\u00a0\u00bb15px\u00a0\u00bb button_text_color=\u00a0\u00bb#ffffff\u00a0\u00bb button_bg_color=\u00a0\u00bb#e02b20&Prime; button_border_color=\u00a0\u00bb#e02b20&Prime; button_icon=\u00a0\u00bb&#xe090;||divi||400&Prime; button_icon_placement=\u00a0\u00bbleft\u00a0\u00bb button_on_hover=\u00a0\u00bboff\u00a0\u00bb button_text_shadow_style=\u00a0\u00bbpreset1&Prime; box_shadow_style=\u00a0\u00bbpreset1&Prime; global_colors_info=\u00a0\u00bb{}\u00a0\u00bb][\/et_pb_button][\/et_pb_column][\/et_pb_row][\/et_pb_section][et_pb_section fb_built=\u00a0\u00bb1&Prime; _builder_version=\u00a0\u00bb3.26.6&Prime; global_colors_info=\u00a0\u00bb{}\u00a0\u00bb][et_pb_row column_structure=\u00a0\u00bb3_5,2_5&Prime; _builder_version=\u00a0\u00bb3.26.6&Prime; global_colors_info=\u00a0\u00bb{}\u00a0\u00bb][et_pb_column type=\u00a0\u00bb3_5&Prime; _builder_version=\u00a0\u00bb3.26.6&Prime; global_colors_info=\u00a0\u00bb{}\u00a0\u00bb][et_pb_text _builder_version=\u00a0\u00bb4.13.0&Prime; text_font=\u00a0\u00bb||||||||\u00a0\u00bb text_text_color=\u00a0\u00bb#fdb813&Prime; header_font=\u00a0\u00bb|||on|||||\u00a0\u00bb header_text_color=\u00a0\u00bb#ffffff\u00a0\u00bb header_2_font_size=\u00a0\u00bb28px\u00a0\u00bb background_layout=\u00a0\u00bbdark\u00a0\u00bb custom_padding=\u00a0\u00bb|||8px|false|false\u00a0\u00bb border_color_all=\u00a0\u00bb#e02b20&Prime; border_width_left=\u00a0\u00bb8px\u00a0\u00bb border_color_left=\u00a0\u00bb#e09900&Prime; global_colors_info=\u00a0\u00bb{}\u00a0\u00bb]<\/p>\n<h2><span style=\"font-size: x-large; color: #ffffff;\"><span style=\"color: #333333;\">CLIMATISATION EZE ET CAP D&rsquo;AIL : INSTALLATION, ENTRETIEN ET D\u00c9PANNAGE<br \/><\/span><\/span><\/h2>\n<p>Secteur R\u00e9sidenciel &amp; Commercial<\/p>\n<p>[\/et_pb_text][et_pb_text _builder_version=\u00a0\u00bb4.13.0&Prime; global_colors_info=\u00a0\u00bb{}\u00a0\u00bb]<\/p>\n<p>Un syst\u00e8me de climatisation performant vous permet de vivre confortablement dans vos locaux, en temps de grande chaleur. Vous devez donc soigner son installation et surtout vous \u00e9quiper avec du mat\u00e9riel de bonne qualit\u00e9. Dans cette perspective, vous aurez certainement besoin des services d\u2019un sp\u00e9cialiste pour \u00e9clairer vos choix. Si vous r\u00e9sidez \u00e0 Eze ou \u00e0 Cap d\u2019Ail par exemple, vous pouvez contacter notre <strong>entreprise Assist<\/strong>.<\/p>\n<p>En effet, nous sommes consid\u00e9r\u00e9s comme la r\u00e9f\u00e9rence du secteur sur la C\u00f4te d\u2019Azur en raison de notre grande exp\u00e9rience et expertise av\u00e9r\u00e9e. Car depuis 2014, <a href=\"https:\/\/www.assist-riviera.com\/fr\/references\/\">nos r\u00e9alisations<\/a> convainquent de plus en plus de clients.<\/p>\n<p>[\/et_pb_text][et_pb_button button_url=\u00a0\u00bbtel:+33780999899&Prime; button_text=\u00a0\u00bbAppelez-Nous\u00a0\u00bb button_alignment=\u00a0\u00bbright\u00a0\u00bb _builder_version=\u00a0\u00bb4.13.0&Prime; custom_button=\u00a0\u00bbon\u00a0\u00bb button_text_size=\u00a0\u00bb20px\u00a0\u00bb button_text_color=\u00a0\u00bb#000000&Prime; button_bg_color=\u00a0\u00bb#e09900&Prime; button_border_width=\u00a0\u00bb0px\u00a0\u00bb button_border_color=\u00a0\u00bb#ffffff\u00a0\u00bb button_border_radius=\u00a0\u00bb0px\u00a0\u00bb button_icon=\u00a0\u00bb&#xe090;||divi||400&Prime; button_icon_color=\u00a0\u00bb#000000&Prime; button_icon_placement=\u00a0\u00bbleft\u00a0\u00bb button_on_hover=\u00a0\u00bboff\u00a0\u00bb global_colors_info=\u00a0\u00bb{}\u00a0\u00bb][\/et_pb_button][\/et_pb_column][et_pb_column type=\u00a0\u00bb2_5&Prime; module_class=\u00a0\u00bbcontactColumnDark\u00a0\u00bb _builder_version=\u00a0\u00bb3.26.6&Prime; global_colors_info=\u00a0\u00bb{}\u00a0\u00bb][et_pb_text module_class=\u00a0\u00bbaccueilcf7box\u00a0\u00bb _builder_version=\u00a0\u00bb3.27.4&Prime; background_color=\u00a0\u00bb#303030&Prime; background_layout=\u00a0\u00bbdark\u00a0\u00bb max_width=\u00a0\u00bb350px\u00a0\u00bb module_alignment=\u00a0\u00bbcenter\u00a0\u00bb custom_margin=\u00a0\u00bb||||false|false\u00a0\u00bb custom_padding=\u00a0\u00bb30px|30px|30px|30px|false|false\u00a0\u00bb box_shadow_style=\u00a0\u00bbpreset1&Prime; box_shadow_color=\u00a0\u00bb#aaaaaa\u00a0\u00bb global_colors_info=\u00a0\u00bb{}\u00a0\u00bb]<img decoding=\"async\" class=\"wp-image-78 alignleft size-medium\" src=\"https:\/\/www.assist-riviera.com\/wp-content\/uploads\/2019\/08\/worker-300x300.png\" width=\"45\" srcset=\"https:\/\/www.assist-riviera.com\/wp-content\/uploads\/2019\/08\/worker-300x300.png 300w, https:\/\/www.assist-riviera.com\/wp-content\/uploads\/2019\/08\/worker-150x150.png 150w, https:\/\/www.assist-riviera.com\/wp-content\/uploads\/2019\/08\/worker.png 512w\" sizes=\"(max-width: 300px) 100vw, 300px\" \/><\/p>\n<div class=\"cf7title\">Appelez-Nous<br \/>\nDevis GRATUIT<\/div>\n<p>\n<div class=\"wpcf7 no-js\" id=\"wpcf7-f15-o1\" lang=\"fr-FR\" dir=\"ltr\" data-wpcf7-id=\"15\">\n<div class=\"screen-reader-response\"><p role=\"status\" aria-live=\"polite\" aria-atomic=\"true\"><\/p> <ul><\/ul><\/div>\n<form action=\"\/fr\/wp-json\/wp\/v2\/pages\/5359#wpcf7-f15-o1\" method=\"post\" class=\"wpcf7-form init\" aria-label=\"Formulaire de contact\" novalidate=\"novalidate\" data-status=\"init\">\n<fieldset class=\"hidden-fields-container\"><input type=\"hidden\" name=\"_wpcf7\" value=\"15\" \/><input type=\"hidden\" name=\"_wpcf7_version\" value=\"6.1.5\" \/><input type=\"hidden\" name=\"_wpcf7_locale\" value=\"fr_FR\" \/><input type=\"hidden\" name=\"_wpcf7_unit_tag\" value=\"wpcf7-f15-o1\" \/><input type=\"hidden\" name=\"_wpcf7_container_post\" value=\"0\" \/><input type=\"hidden\" name=\"_wpcf7_posted_data_hash\" value=\"\" \/>\n<\/fieldset>\n<p><label> Votre nom (obligatoire)<br \/>\n<span class=\"wpcf7-form-control-wrap\" data-name=\"your-name\"><input size=\"40\" maxlength=\"400\" class=\"wpcf7-form-control wpcf7-text wpcf7-validates-as-required\" aria-required=\"true\" aria-invalid=\"false\" value=\"\" type=\"text\" name=\"your-name\" \/><\/span> <\/label>\n<\/p>\n<p><label> Votre adresse de messagerie (obligatoire)<br \/>\n<span class=\"wpcf7-form-control-wrap\" data-name=\"your-email\"><input size=\"40\" maxlength=\"400\" class=\"wpcf7-form-control wpcf7-email wpcf7-validates-as-required wpcf7-text wpcf7-validates-as-email\" aria-required=\"true\" aria-invalid=\"false\" value=\"\" type=\"email\" name=\"your-email\" \/><\/span> <\/label>\n<\/p>\n<p><label> T\u00e9l\u00e9phone<br \/>\n<span class=\"wpcf7-form-control-wrap\" data-name=\"tel-877\"><input size=\"40\" maxlength=\"400\" class=\"wpcf7-form-control wpcf7-tel wpcf7-text wpcf7-validates-as-tel\" aria-invalid=\"false\" value=\"\" type=\"tel\" name=\"tel-877\" \/><\/span> <\/label>\n<\/p>\n<p><label> Ville<br \/>\n<span class=\"wpcf7-form-control-wrap\" data-name=\"your-ville\"><input size=\"40\" maxlength=\"400\" class=\"wpcf7-form-control wpcf7-text\" aria-invalid=\"false\" value=\"\" type=\"text\" name=\"your-ville\" \/><\/span> <\/label>\n<\/p>\n<p><label> Votre message<br \/>\n<span class=\"wpcf7-form-control-wrap\" data-name=\"your-message\"><textarea cols=\"40\" rows=\"10\" maxlength=\"2000\" class=\"wpcf7-form-control wpcf7-textarea\" aria-invalid=\"false\" name=\"your-message\"><\/textarea><\/span> <\/label>\n<\/p>\n<p><input class=\"wpcf7-form-control wpcf7-submit has-spinner\" type=\"submit\" value=\"Envoyer\" \/>\n<\/p><p style=\"display: none !important;\" class=\"akismet-fields-container\" data-prefix=\"_wpcf7_ak_\"><label>&#916;<textarea name=\"_wpcf7_ak_hp_textarea\" cols=\"45\" rows=\"8\" maxlength=\"100\"><\/textarea><\/label><input type=\"hidden\" id=\"ak_js_1\" name=\"_wpcf7_ak_js\" value=\"246\"\/><script>document.getElementById( \"ak_js_1\" ).setAttribute( \"value\", ( new Date() ).getTime() );<\/script><\/p><div class=\"wpcf7-response-output\" aria-hidden=\"true\"><\/div>\n<\/form>\n<\/div>\n<br \/>\n[\/et_pb_text][\/et_pb_column][\/et_pb_row][\/et_pb_section][et_pb_section fb_built=\u00a0\u00bb1&Prime; _builder_version=\u00a0\u00bb4.6.1&Prime; background_color=\u00a0\u00bb#d3d3d3&Prime; background_image=\u00a0\u00bbhttps:\/\/www.assist-riviera.com\/wp-content\/uploads\/2021\/10\/climatisation-eze-et-cap-dail.jpg\u00a0\u00bb background_blend=\u00a0\u00bboverlay\u00a0\u00bb global_colors_info=\u00a0\u00bb{}\u00a0\u00bb][et_pb_row column_structure=\u00a0\u00bb1_3,1_3,1_3&Prime; _builder_version=\u00a0\u00bb3.26.6&Prime; global_colors_info=\u00a0\u00bb{}\u00a0\u00bb][et_pb_column type=\u00a0\u00bb1_3&Prime; _builder_version=\u00a0\u00bb3.26.6&Prime; global_colors_info=\u00a0\u00bb{}\u00a0\u00bb][et_pb_blurb use_icon=\u00a0\u00bbon\u00a0\u00bb font_icon=\u00a0\u00bb&#xe035;||divi||400&Prime; icon_color=\u00a0\u00bb#e02b20&Prime; image_icon_width=\u00a0\u00bb29px\u00a0\u00bb _builder_version=\u00a0\u00bb4.13.0&Prime; header_font_size=\u00a0\u00bb23px\u00a0\u00bb body_font=\u00a0\u00bb|600|||||||\u00a0\u00bb body_text_color=\u00a0\u00bb#000000&Prime; icon_font_size=\u00a0\u00bb29px\u00a0\u00bb global_colors_info=\u00a0\u00bb{}\u00a0\u00bb]<\/p>\n<p style=\"text-align: center;\">Climatisation<\/p>\n<p>[\/et_pb_blurb][et_pb_blurb use_icon=\u00a0\u00bbon\u00a0\u00bb font_icon=\u00a0\u00bb&#xe038;||divi||400&Prime; icon_color=\u00a0\u00bb#e02b20&Prime; image_icon_width=\u00a0\u00bb29px\u00a0\u00bb _builder_version=\u00a0\u00bb4.13.0&Prime; header_font_size=\u00a0\u00bb23px\u00a0\u00bb body_font=\u00a0\u00bb|600|||||||\u00a0\u00bb body_text_color=\u00a0\u00bb#000000&Prime; icon_font_size=\u00a0\u00bb29px\u00a0\u00bb global_colors_info=\u00a0\u00bb{}\u00a0\u00bb]<\/p>\n<p style=\"text-align: center;\">Radiateurs<\/p>\n<p>[\/et_pb_blurb][\/et_pb_column][et_pb_column type=\u00a0\u00bb1_3&Prime; _builder_version=\u00a0\u00bb3.26.6&Prime; global_colors_info=\u00a0\u00bb{}\u00a0\u00bb][et_pb_blurb use_icon=\u00a0\u00bbon\u00a0\u00bb font_icon=\u00a0\u00bb&#xe037;||divi||400&Prime; icon_color=\u00a0\u00bb#e02b20&Prime; image_icon_width=\u00a0\u00bb29px\u00a0\u00bb _builder_version=\u00a0\u00bb4.13.0&Prime; header_font_size=\u00a0\u00bb23px\u00a0\u00bb body_font=\u00a0\u00bb|600|||||||\u00a0\u00bb body_text_color=\u00a0\u00bb#000000&Prime; icon_font_size=\u00a0\u00bb29px\u00a0\u00bb global_colors_info=\u00a0\u00bb{}\u00a0\u00bb]<\/p>\n<p style=\"text-align: center;\">Pompes \u00e0 chaleur<\/p>\n<p>[\/et_pb_blurb][et_pb_blurb use_icon=\u00a0\u00bbon\u00a0\u00bb font_icon=\u00a0\u00bb&#xe0dd;||divi||400&Prime; icon_color=\u00a0\u00bb#e02b20&Prime; image_icon_width=\u00a0\u00bb29px\u00a0\u00bb _builder_version=\u00a0\u00bb4.13.0&Prime; header_font_size=\u00a0\u00bb23px\u00a0\u00bb body_font=\u00a0\u00bb|600|||||||\u00a0\u00bb body_text_color=\u00a0\u00bb#000000&Prime; icon_font_size=\u00a0\u00bb29px\u00a0\u00bb global_colors_info=\u00a0\u00bb{}\u00a0\u00bb]<\/p>\n<p style=\"text-align: center;\">Chauffage au sol<\/p>\n<p>[\/et_pb_blurb][\/et_pb_column][et_pb_column type=\u00a0\u00bb1_3&Prime; _builder_version=\u00a0\u00bb3.26.6&Prime; global_colors_info=\u00a0\u00bb{}\u00a0\u00bb][et_pb_blurb use_icon=\u00a0\u00bbon\u00a0\u00bb font_icon=\u00a0\u00bb&#xe036;||divi||400&Prime; icon_color=\u00a0\u00bb#e02b20&Prime; image_icon_width=\u00a0\u00bb29px\u00a0\u00bb _builder_version=\u00a0\u00bb4.13.0&Prime; header_font_size=\u00a0\u00bb23px\u00a0\u00bb body_font=\u00a0\u00bb|600|||||||\u00a0\u00bb body_text_color=\u00a0\u00bb#000000&Prime; icon_font_size=\u00a0\u00bb29px\u00a0\u00bb global_colors_info=\u00a0\u00bb{}\u00a0\u00bb]<\/p>\n<p style=\"text-align: center;\">Chaudi\u00e8re<\/p>\n<p>[\/et_pb_blurb][et_pb_blurb use_icon=\u00a0\u00bbon\u00a0\u00bb font_icon=\u00a0\u00bb&#xe074;||divi||400&Prime; icon_color=\u00a0\u00bb#e02b20&Prime; image_icon_width=\u00a0\u00bb29px\u00a0\u00bb _builder_version=\u00a0\u00bb4.13.0&Prime; header_font_size=\u00a0\u00bb23px\u00a0\u00bb body_font=\u00a0\u00bb|600|||||||\u00a0\u00bb body_text_color=\u00a0\u00bb#000000&Prime; icon_font_size=\u00a0\u00bb29px\u00a0\u00bb global_colors_info=\u00a0\u00bb{}\u00a0\u00bb]<\/p>\n<p style=\"text-align: center;\">Service &amp; maintenance<\/p>\n<p>[\/et_pb_blurb][\/et_pb_column][\/et_pb_row][\/et_pb_section][et_pb_section fb_built=\u00a0\u00bb1&Prime; _builder_version=\u00a0\u00bb4.6.1&Prime; background_color=\u00a0\u00bbrgba(255,255,255,0.9)\u00a0\u00bb background_enable_image=\u00a0\u00bboff\u00a0\u00bb background_blend=\u00a0\u00bboverlay\u00a0\u00bb global_colors_info=\u00a0\u00bb{}\u00a0\u00bb][et_pb_row _builder_version=\u00a0\u00bb3.26.6&Prime; global_colors_info=\u00a0\u00bb{}\u00a0\u00bb][et_pb_column type=\u00a0\u00bb4_4&Prime; _builder_version=\u00a0\u00bb3.26.6&Prime; global_colors_info=\u00a0\u00bb{}\u00a0\u00bb][et_pb_text _builder_version=\u00a0\u00bb4.13.0&Prime; header_font=\u00a0\u00bb|||on|||||\u00a0\u00bb header_2_font=\u00a0\u00bb|||on|||||\u00a0\u00bb hover_enabled=\u00a0\u00bb0&Prime; global_colors_info=\u00a0\u00bb{}\u00a0\u00bb sticky_enabled=\u00a0\u00bb0&Prime;]<\/p>\n<h2>Pose de climatisation \u00e0 Cap d\u2019Ail et Eze<\/h2>\n<p>Assist Riviera intervient \u00e0 Cap d\u2019Ail pour concevoir et installer des solutions de climatisation adapt\u00e9es aux appartements, villas et locaux professionnels, avec une attention particuli\u00e8re port\u00e9e \u00e0 la fiabilit\u00e9 et \u00e0 la discr\u00e9tion des \u00e9quipements.<\/p>\n<h3>Climatisation monosplit<\/h3>\n<p>La climatisation monosplit permet de traiter efficacement un espace cibl\u00e9 avec une r\u00e9gulation pr\u00e9cise de la temp\u00e9rature. Silencieuse et \u00e9conome en \u00e9nergie, elle convient parfaitement aux appartements et pi\u00e8ces de vie situ\u00e9s \u00e0 Cap d\u2019Ail.<\/p>\n<h3>Climatisation multi-split<\/h3>\n<p>La climatisation multi-split offre la possibilit\u00e9 de climatiser plusieurs pi\u00e8ces \u00e0 partir d\u2019un seul groupe ext\u00e9rieur tout en conservant une gestion ind\u00e9pendante par zone. Cette solution est id\u00e9ale pour les logements r\u00e9partis sur plusieurs niveaux ou les r\u00e9sidences n\u00e9cessitant un confort thermique personnalis\u00e9 \u00e0 Cap d\u2019Ail.<\/p>\n<h3>Climatisation gainable int\u00e9gr\u00e9e<\/h3>\n<p>La climatisation gainable int\u00e9gr\u00e9e s\u2019appuie sur un r\u00e9seau de gaines dissimul\u00e9es dans les plafonds, garantissant une diffusion homog\u00e8ne de l\u2019air sans impact visuel. Elle est particuli\u00e8rement adapt\u00e9e aux projets de r\u00e9novation ou aux r\u00e9sidences de standing \u00e0 Cap d\u2019Ail.<\/p>\n<h3>Climatisation r\u00e9versible<\/h3>\n<p>La climatisation r\u00e9versible, bas\u00e9e sur la technologie de la pompe \u00e0 chaleur air\/air, permet d\u2019assurer le rafra\u00eechissement et le chauffage tout au long de l\u2019ann\u00e9e. Performante et polyvalente, elle constitue une solution thermique durable adapt\u00e9e aux besoins des habitants de Cap d\u2019Ail.<\/p>\n<p>[\/et_pb_text][et_pb_button button_url=\u00a0\u00bbtel:+33780999899&Prime; button_text=\u00a0\u00bbAppelez-Nous \u00a0\u00bb button_alignment=\u00a0\u00bbright\u00a0\u00bb _builder_version=\u00a0\u00bb4.13.0&Prime; custom_button=\u00a0\u00bbon\u00a0\u00bb button_text_size=\u00a0\u00bb20px\u00a0\u00bb button_text_color=\u00a0\u00bb#000000&Prime; button_bg_color=\u00a0\u00bb#e09900&Prime; button_border_width=\u00a0\u00bb0px\u00a0\u00bb button_border_color=\u00a0\u00bb#ffffff\u00a0\u00bb button_border_radius=\u00a0\u00bb0px\u00a0\u00bb button_icon=\u00a0\u00bb&#xe090;||divi||400&Prime; button_icon_color=\u00a0\u00bb#000000&Prime; button_icon_placement=\u00a0\u00bbleft\u00a0\u00bb button_on_hover=\u00a0\u00bboff\u00a0\u00bb global_colors_info=\u00a0\u00bb{}\u00a0\u00bb][\/et_pb_button][\/et_pb_column][\/et_pb_row][\/et_pb_section][et_pb_section fb_built=\u00a0\u00bb1&Prime; _builder_version=\u00a0\u00bb3.26.6&Prime; width=\u00a0\u00bb100%\u00a0\u00bb custom_margin=\u00a0\u00bb0px||0px||false|false\u00a0\u00bb custom_padding=\u00a0\u00bb0px||0px||false|false\u00a0\u00bb global_colors_info=\u00a0\u00bb{}\u00a0\u00bb][et_pb_row column_structure=\u00a0\u00bb1_4,1_4,1_4,1_4&Prime; use_custom_gutter=\u00a0\u00bbon\u00a0\u00bb gutter_width=\u00a0\u00bb1&Prime; make_equal=\u00a0\u00bbon\u00a0\u00bb module_class=\u00a0\u00bbimgRowZoom\u00a0\u00bb _builder_version=\u00a0\u00bb3.26.6&Prime; width=\u00a0\u00bb100%\u00a0\u00bb max_width=\u00a0\u00bbnone\u00a0\u00bb custom_margin=\u00a0\u00bb0px||0px||false|false\u00a0\u00bb custom_padding=\u00a0\u00bb0px|0px|0px||false|false\u00a0\u00bb global_colors_info=\u00a0\u00bb{}\u00a0\u00bb][et_pb_column type=\u00a0\u00bb1_4&Prime; _builder_version=\u00a0\u00bb3.26.6&Prime; global_colors_info=\u00a0\u00bb{}\u00a0\u00bb][et_pb_image src=\u00a0\u00bbhttps:\/\/www.assist-riviera.com\/wp-content\/uploads\/2021\/10\/maintenance-climatisation-eze-et-cap-dail.jpg\u00a0\u00bb alt=\u00a0\u00bbmaintenance climatisation eze et cap d&rsquo;ail\u00a0\u00bb title_text=\u00a0\u00bbmaintenance climatisation eze et cap d&rsquo;ail\u00a0\u00bb _builder_version=\u00a0\u00bb4.6.1&Prime; global_colors_info=\u00a0\u00bb{}\u00a0\u00bb][\/et_pb_image][\/et_pb_column][et_pb_column type=\u00a0\u00bb1_4&Prime; _builder_version=\u00a0\u00bb3.26.6&Prime; global_colors_info=\u00a0\u00bb{}\u00a0\u00bb][et_pb_image src=\u00a0\u00bbhttps:\/\/www.assist-riviera.com\/wp-content\/uploads\/2021\/10\/entreprise-de-climatisation-eze-et-cap-dail.jpg\u00a0\u00bb alt=\u00a0\u00bbentreprise de climatisation eze et cap d&rsquo;ail\u00a0\u00bb title_text=\u00a0\u00bbentreprise de climatisation eze et cap d&rsquo;ail\u00a0\u00bb _builder_version=\u00a0\u00bb4.6.1&Prime; global_colors_info=\u00a0\u00bb{}\u00a0\u00bb][\/et_pb_image][\/et_pb_column][et_pb_column type=\u00a0\u00bb1_4&Prime; _builder_version=\u00a0\u00bb3.26.6&Prime; global_colors_info=\u00a0\u00bb{}\u00a0\u00bb][et_pb_image src=\u00a0\u00bbhttps:\/\/www.assist-riviera.com\/wp-content\/uploads\/2021\/10\/maintenance-clim-eze-et-cap-dail.jpg\u00a0\u00bb alt=\u00a0\u00bbmaintenance clim eze et cap d&rsquo;ail\u00a0\u00bb title_text=\u00a0\u00bbmaintenance clim eze et cap d&rsquo;ail\u00a0\u00bb _builder_version=\u00a0\u00bb4.6.1&Prime; global_colors_info=\u00a0\u00bb{}\u00a0\u00bb][\/et_pb_image][\/et_pb_column][et_pb_column type=\u00a0\u00bb1_4&Prime; _builder_version=\u00a0\u00bb3.26.6&Prime; global_colors_info=\u00a0\u00bb{}\u00a0\u00bb][et_pb_image src=\u00a0\u00bbhttps:\/\/www.assist-riviera.com\/wp-content\/uploads\/2021\/10\/installation-climatisation-eze-et-cap-dail.jpg\u00a0\u00bb alt=\u00a0\u00bbinstallation climatisation eze et cap d&rsquo;ail\u00a0\u00bb title_text=\u00a0\u00bbinstallation climatisation eze et cap d&rsquo;ail\u00a0\u00bb _builder_version=\u00a0\u00bb4.6.1&Prime; global_colors_info=\u00a0\u00bb{}\u00a0\u00bb][\/et_pb_image][\/et_pb_column][\/et_pb_row][\/et_pb_section][et_pb_section fb_built=\u00a0\u00bb1&Prime; _builder_version=\u00a0\u00bb4.6.1&Prime; _module_preset=\u00a0\u00bbdefault\u00a0\u00bb global_colors_info=\u00a0\u00bb{}\u00a0\u00bb][et_pb_row _builder_version=\u00a0\u00bb4.6.1&Prime; _module_preset=\u00a0\u00bbdefault\u00a0\u00bb global_colors_info=\u00a0\u00bb{}\u00a0\u00bb][et_pb_column type=\u00a0\u00bb4_4&Prime; _builder_version=\u00a0\u00bb4.6.1&Prime; _module_preset=\u00a0\u00bbdefault\u00a0\u00bb global_colors_info=\u00a0\u00bb{}\u00a0\u00bb][et_pb_text _builder_version=\u00a0\u00bb4.6.1&Prime; global_colors_info=\u00a0\u00bb{}\u00a0\u00bb]<\/p>\n<h2>Respect des engagements en toute circonstance<\/h2>\n<p> [\/et_pb_text][et_pb_divider color=\u00a0\u00bb#e09900&Prime; divider_weight=\u00a0\u00bb3px\u00a0\u00bb _builder_version=\u00a0\u00bb3.26.6&Prime; width=\u00a0\u00bb18%\u00a0\u00bb max_width=\u00a0\u00bb18%\u00a0\u00bb min_height=\u00a0\u00bb0px\u00a0\u00bb height=\u00a0\u00bb0px\u00a0\u00bb max_height=\u00a0\u00bb0px\u00a0\u00bb custom_margin=\u00a0\u00bb-26px||36px||false|false\u00a0\u00bb global_colors_info=\u00a0\u00bb{}\u00a0\u00bb][\/et_pb_divider][et_pb_text _builder_version=\u00a0\u00bb4.13.0&Prime; global_colors_info=\u00a0\u00bb{}\u00a0\u00bb]<\/p>\n<p>Avant de solliciter un installateur de climatisation, vous devez vous assurer qu\u2019il s\u2019agit d\u2019une soci\u00e9t\u00e9 s\u00e9rieuse. Sur ce point, notre <a href=\"https:\/\/www.assist-riviera.com\/fr\/a-propos-de-nous\/\">entreprise Assist<\/a> s\u2019est toujours d\u00e9marqu\u00e9e de la concurrence par sa grande responsabilit\u00e9. En effet, avant de vous fixer un d\u00e9lai de livraison, nous \u00e9valuons la nature des prestations et le temps minimum \u00e0 consacrer \u00e0 leur ex\u00e9cution. En fonction de ces param\u00e8tres, nous vous informons de la date effective de la fin des travaux. Dans ces conditions, vous \u00eates certain que nous tiendrons parole.<\/p>\n<p>Par ailleurs, nous promettons de vous satisfaire, quelle que soit la complexit\u00e9 de vos besoins. Chez Assit, nous sommes conscients que la cl\u00e9 de notre efficacit\u00e9 r\u00e9side en la comp\u00e9tence et l\u2019exp\u00e9rience de nos techniciens. Pour cela, nous ne recrutons que des <strong>sp\u00e9cialistes d\u00e9vou\u00e9s \u00e0 la t\u00e2che<\/strong> et dont l\u2019expertise est incontestable.<\/p>\n<p>Aussi, nous formons tous nos techniciens \u00e0 travailler en \u00e9quipe. Dans ces conditions, ils se compl\u00e8tent via leurs comp\u00e9tences, de sorte \u00e0 vous offrir le r\u00e9sultat escompt\u00e9. Ainsi, quel que soit le type d\u2019installation d\u00e9sir\u00e9, vous trouverez la solution chez nous.<\/p>\n<p>[\/et_pb_text][\/et_pb_column][\/et_pb_row][\/et_pb_section][et_pb_section fb_built=\u00a0\u00bb1&Prime; _builder_version=\u00a0\u00bb3.26.6&Prime; background_color=\u00a0\u00bb#eeeeee\u00a0\u00bb global_colors_info=\u00a0\u00bb{}\u00a0\u00bb][et_pb_row _builder_version=\u00a0\u00bb3.26.6&Prime; custom_margin=\u00a0\u00bb|auto|23px|auto||\u00a0\u00bb global_colors_info=\u00a0\u00bb{}\u00a0\u00bb][et_pb_column type=\u00a0\u00bb4_4&Prime; _builder_version=\u00a0\u00bb3.26.6&Prime; global_colors_info=\u00a0\u00bb{}\u00a0\u00bb][et_pb_text _builder_version=\u00a0\u00bb4.6.1&Prime; text_font=\u00a0\u00bb|||on|||||\u00a0\u00bb text_text_color=\u00a0\u00bb#3f3f3f\u00a0\u00bb text_font_size=\u00a0\u00bb30px\u00a0\u00bb header_2_font=\u00a0\u00bb|||on|||||\u00a0\u00bb header_4_font=\u00a0\u00bb|700|||||||\u00a0\u00bb header_4_font_size=\u00a0\u00bb20px\u00a0\u00bb text_orientation=\u00a0\u00bbcenter\u00a0\u00bb custom_margin=\u00a0\u00bb||0px||false|false\u00a0\u00bb text_text_align=\u00a0\u00bbcenter\u00a0\u00bb global_colors_info=\u00a0\u00bb{}\u00a0\u00bb]<\/p>\n<p>Climatisation : Installation, Entretien &amp; D\u00e9pannage<\/p>\n<p>[\/et_pb_text][et_pb_divider color=\u00a0\u00bb#e02b20&Prime; divider_position=\u00a0\u00bbcenter\u00a0\u00bb divider_weight=\u00a0\u00bb5px\u00a0\u00bb _builder_version=\u00a0\u00bb3.26.6&Prime; width=\u00a0\u00bb50px\u00a0\u00bb module_alignment=\u00a0\u00bbcenter\u00a0\u00bb custom_margin=\u00a0\u00bb||6px||false|false\u00a0\u00bb global_colors_info=\u00a0\u00bb{}\u00a0\u00bb][\/et_pb_divider][\/et_pb_column][\/et_pb_row][et_pb_row column_structure=\u00a0\u00bb1_4,1_4,1_4,1_4&Prime; _builder_version=\u00a0\u00bb3.26.6&Prime; global_colors_info=\u00a0\u00bb{}\u00a0\u00bb][et_pb_column type=\u00a0\u00bb1_4&Prime; _builder_version=\u00a0\u00bb3.26.6&Prime; global_colors_info=\u00a0\u00bb{}\u00a0\u00bb][et_pb_blurb use_icon=\u00a0\u00bbon\u00a0\u00bb font_icon=\u00a0\u00bb&#xe01d;||divi||400&Prime; icon_color=\u00a0\u00bb#e02b20&Prime; image_icon_width=\u00a0\u00bb65px\u00a0\u00bb _builder_version=\u00a0\u00bb4.13.0&Prime; body_font=\u00a0\u00bb|600|||||||\u00a0\u00bb body_text_color=\u00a0\u00bb#000000&Prime; text_orientation=\u00a0\u00bbcenter\u00a0\u00bb animation=\u00a0\u00bboff\u00a0\u00bb border_color_all=\u00a0\u00bbrgba(155,155,155,0.3);\u00a0\u00bb border_width_left=\u00a0\u00bb2px\u00a0\u00bb border_color_left=\u00a0\u00bbrgba(155,155,155,0.3)\u00a0\u00bb icon_font_size=\u00a0\u00bb65px\u00a0\u00bb global_colors_info=\u00a0\u00bb{}\u00a0\u00bb]<\/p>\n<p style=\"text-align: center;\"><strong>ENTREPRISE LOCALE<\/strong><\/p>\n<p>[\/et_pb_blurb][\/et_pb_column][et_pb_column type=\u00a0\u00bb1_4&Prime; _builder_version=\u00a0\u00bb3.26.6&Prime; global_colors_info=\u00a0\u00bb{}\u00a0\u00bb][et_pb_blurb use_icon=\u00a0\u00bbon\u00a0\u00bb font_icon=\u00a0\u00bb&#x50;||divi||400&Prime; icon_color=\u00a0\u00bb#e02b20&Prime; image_icon_width=\u00a0\u00bb65px\u00a0\u00bb _builder_version=\u00a0\u00bb4.13.0&Prime; body_font=\u00a0\u00bb|600|||||||\u00a0\u00bb body_text_color=\u00a0\u00bb#000000&Prime; text_orientation=\u00a0\u00bbcenter\u00a0\u00bb animation=\u00a0\u00bboff\u00a0\u00bb border_color_all=\u00a0\u00bbrgba(155,155,155,0.3);\u00a0\u00bb border_width_left=\u00a0\u00bb2px\u00a0\u00bb border_color_left=\u00a0\u00bbrgba(155,155,155,0.3)\u00a0\u00bb icon_font_size=\u00a0\u00bb65px\u00a0\u00bb global_colors_info=\u00a0\u00bb{}\u00a0\u00bb]<\/p>\n<p style=\"text-align: center;\"><strong>TRAVAUX DE QUALITE<\/strong><\/p>\n<p>[\/et_pb_blurb][\/et_pb_column][et_pb_column type=\u00a0\u00bb1_4&Prime; _builder_version=\u00a0\u00bb3.26.6&Prime; global_colors_info=\u00a0\u00bb{}\u00a0\u00bb][et_pb_blurb use_icon=\u00a0\u00bbon\u00a0\u00bb font_icon=\u00a0\u00bb&#xe08b;||divi||400&Prime; icon_color=\u00a0\u00bb#e02b20&Prime; image_icon_width=\u00a0\u00bb65px\u00a0\u00bb _builder_version=\u00a0\u00bb4.13.0&Prime; body_font=\u00a0\u00bb|600|||||||\u00a0\u00bb body_text_color=\u00a0\u00bb#000000&Prime; text_orientation=\u00a0\u00bbcenter\u00a0\u00bb animation=\u00a0\u00bboff\u00a0\u00bb border_color_all=\u00a0\u00bbrgba(155,155,155,0.3);\u00a0\u00bb border_width_left=\u00a0\u00bb2px\u00a0\u00bb border_color_left=\u00a0\u00bbrgba(155,155,155,0.3)\u00a0\u00bb icon_font_size=\u00a0\u00bb65px\u00a0\u00bb global_colors_info=\u00a0\u00bb{}\u00a0\u00bb]<\/p>\n<p style=\"text-align: center;\"><strong>PROFESSIONNELS<\/strong><\/p>\n<p>[\/et_pb_blurb][\/et_pb_column][et_pb_column type=\u00a0\u00bb1_4&Prime; _builder_version=\u00a0\u00bb3.26.6&Prime; global_colors_info=\u00a0\u00bb{}\u00a0\u00bb][et_pb_blurb use_icon=\u00a0\u00bbon\u00a0\u00bb font_icon=\u00a0\u00bb&#x6c;||divi||400&Prime; icon_color=\u00a0\u00bb#e02b20&Prime; image_icon_width=\u00a0\u00bb65px\u00a0\u00bb _builder_version=\u00a0\u00bb4.13.0&Prime; body_font=\u00a0\u00bb|600|||||||\u00a0\u00bb body_text_color=\u00a0\u00bb#000000&Prime; text_orientation=\u00a0\u00bbcenter\u00a0\u00bb animation=\u00a0\u00bboff\u00a0\u00bb border_color_all=\u00a0\u00bbrgba(155,155,155,0.3);\u00a0\u00bb border_width_left=\u00a0\u00bb2px\u00a0\u00bb border_color_left=\u00a0\u00bbrgba(155,155,155,0.3)\u00a0\u00bb icon_font_size=\u00a0\u00bb65px\u00a0\u00bb global_colors_info=\u00a0\u00bb{}\u00a0\u00bb]<\/p>\n<p style=\"text-align: center;\"><strong>DEVIS GRATUIT<\/strong><\/p>\n<p>[\/et_pb_blurb][\/et_pb_column][\/et_pb_row][\/et_pb_section][et_pb_section fb_built=\u00a0\u00bb1&Prime; _builder_version=\u00a0\u00bb3.26.6&Prime; custom_margin=\u00a0\u00bb28px|||||\u00a0\u00bb global_colors_info=\u00a0\u00bb{}\u00a0\u00bb][et_pb_row column_structure=\u00a0\u00bb1_2,1_2&Prime; _builder_version=\u00a0\u00bb3.26.6&Prime; global_colors_info=\u00a0\u00bb{}\u00a0\u00bb][et_pb_column type=\u00a0\u00bb1_2&Prime; _builder_version=\u00a0\u00bb3.26.6&Prime; global_colors_info=\u00a0\u00bb{}\u00a0\u00bb][et_pb_text _builder_version=\u00a0\u00bb4.13.0&Prime; _module_preset=\u00a0\u00bbdefault\u00a0\u00bb global_colors_info=\u00a0\u00bb{}\u00a0\u00bb]<\/p>\n<h2>Expert climatisation Daikin<\/h2>\n<p>Si vous recherchez un bon installateur de clim, optez pour celui capable d\u2019offrir une vari\u00e9t\u00e9 de services. Pour ce faire, vous avez donc toutes les raisons de faire confiance \u00e0 notre entreprise si vous r\u00e9sidez \u00e0 Eze ou \u00e0 Cap d&rsquo;Ail. Car, nous vous proposons bien plus qu\u2019une pose de climatisation.<\/p>\n<p>Vous pouvez par exemple <a href=\"https:\/\/www.assist-riviera.com\/fr\/contact\/\">nous solliciter<\/a> en cas de panne de votre installation. Nous d\u00e9p\u00eachons alors une \u00e9quipe sur place pour la remettre rapidement en fonction. Nous sommes \u00e9galement disponibles pour tous les <strong>travaux de maintenance\u00a0<\/strong>de votre clim. Qu\u2019il soit install\u00e9 dans une r\u00e9sidence ou dans un local commercial, nos techniciens sauront bien l\u2019entretenir afin que vous en jouissiez pendant longtemps.<\/p>\n<p>[\/et_pb_text][\/et_pb_column][et_pb_column type=\u00a0\u00bb1_2&Prime; _builder_version=\u00a0\u00bb3.26.6&Prime; global_colors_info=\u00a0\u00bb{}\u00a0\u00bb][et_pb_image src=\u00a0\u00bbhttps:\/\/www.assist-riviera.com\/wp-content\/uploads\/2021\/10\/clim-specialiste-eze-et-cap-dail.jpg\u00a0\u00bb alt=\u00a0\u00bbclim-specialiste-eze-et-cap-dail\u00a0\u00bb title_text=\u00a0\u00bbclim-specialiste-eze-et-cap-dail\u00a0\u00bb align=\u00a0\u00bbcenter\u00a0\u00bb _builder_version=\u00a0\u00bb4.6.1&Prime; box_shadow_style=\u00a0\u00bbpreset1&Prime; global_colors_info=\u00a0\u00bb{}\u00a0\u00bb][\/et_pb_image][\/et_pb_column][\/et_pb_row][et_pb_row _builder_version=\u00a0\u00bb4.13.0&Prime; _module_preset=\u00a0\u00bbdefault\u00a0\u00bb global_colors_info=\u00a0\u00bb{}\u00a0\u00bb][et_pb_column type=\u00a0\u00bb4_4&Prime; _builder_version=\u00a0\u00bb4.13.0&Prime; _module_preset=\u00a0\u00bbdefault\u00a0\u00bb global_colors_info=\u00a0\u00bb{}\u00a0\u00bb][et_pb_text _builder_version=\u00a0\u00bb4.13.0&Prime; _module_preset=\u00a0\u00bbdefault\u00a0\u00bb global_colors_info=\u00a0\u00bb{}\u00a0\u00bb]<\/p>\n<h2>Pompe \u00e0 chaleur \u00e0 Cap d\u2019Ail et \u00c8ze : confort thermique et int\u00e9gration sur mesure<\/h2>\n<p>\u00c0 <strong>Cap d\u2019Ail<\/strong> comme \u00e0 <strong>\u00c8ze<\/strong>, la <strong>pompe \u00e0 chaleur<\/strong> est une solution parfaitement adapt\u00e9e aux logements situ\u00e9s entre mer et relief. Elle permet d\u2019assurer un chauffage efficace pendant les p\u00e9riodes plus fra\u00eeches tout en offrant, selon le syst\u00e8me install\u00e9, un rafra\u00eechissement appr\u00e9ciable durant l\u2019\u00e9t\u00e9. En exploitant une \u00e9nergie naturellement disponible, la PAC contribue \u00e0 r\u00e9duire la consommation \u00e9nerg\u00e9tique tout en garantissant un confort constant dans des environnements parfois expos\u00e9s au vent ou aux variations de temp\u00e9rature.<\/p>\n<p>Les projets de pompe \u00e0 chaleur \u00e0 Cap d\u2019Ail et \u00c8ze s\u2019orientent vers des installations sur mesure, telles que les <strong>pompes \u00e0 chaleur air\/air<\/strong> utilis\u00e9es en <strong>climatisation r\u00e9versible<\/strong>, ou les <strong>pompes \u00e0 chaleur air\/eau<\/strong> destin\u00e9es \u00e0 alimenter un chauffage central et l\u2019eau chaude sanitaire. Le choix de la technologie, la puissance et l\u2019implantation des \u00e9quipements sont \u00e9tudi\u00e9s avec pr\u00e9cision afin de s\u2019adapter aux contraintes architecturales, aux d\u00e9nivel\u00e9s du terrain et \u00e0 l\u2019esth\u00e9tique des habitations.<\/p>\n<p>Pour garantir fiabilit\u00e9 et long\u00e9vit\u00e9, l\u2019<strong>installation, l\u2019entretien et le d\u00e9pannage de pompe \u00e0 chaleur \u00e0 Cap d\u2019Ail et \u00c8ze<\/strong> doivent \u00eatre r\u00e9alis\u00e9s par un professionnel qualifi\u00e9. Un entretien r\u00e9gulier permet de maintenir un rendement optimal et d\u2019anticiper les pannes, tandis qu\u2019un d\u00e9pannage rapide assure la continuit\u00e9 du confort au quotidien. Assist Riviera vous accompagne avec des solutions adapt\u00e9es pour une <strong>pompe \u00e0 chaleur \u00e0 Cap d\u2019Ail et \u00c8ze<\/strong> performante, durable et parfaitement int\u00e9gr\u00e9e \u00e0 votre habitat.<\/p>\n<p>[\/et_pb_text][\/et_pb_column][\/et_pb_row][\/et_pb_section][et_pb_section fb_built=\u00a0\u00bb1&Prime; _builder_version=\u00a0\u00bb4.6.1&Prime; background_color=\u00a0\u00bbrgba(224,43,32,0.75)\u00a0\u00bb background_image=\u00a0\u00bbhttps:\/\/www.assist-riviera.com\/wp-content\/uploads\/2021\/10\/expert-climatisation-eze-et-cap-dail.jpg\u00a0\u00bb background_blend=\u00a0\u00bboverlay\u00a0\u00bb global_colors_info=\u00a0\u00bb{}\u00a0\u00bb][et_pb_row _builder_version=\u00a0\u00bb3.26.6&Prime; global_colors_info=\u00a0\u00bb{}\u00a0\u00bb][et_pb_column type=\u00a0\u00bb4_4&Prime; _builder_version=\u00a0\u00bb3.26.6&Prime; global_colors_info=\u00a0\u00bb{}\u00a0\u00bb][et_pb_text _builder_version=\u00a0\u00bb3.27.4&Prime; text_text_color=\u00a0\u00bb#ffffff\u00a0\u00bb text_font_size=\u00a0\u00bb33px\u00a0\u00bb text_line_height=\u00a0\u00bb1em\u00a0\u00bb header_4_font_size=\u00a0\u00bb28px\u00a0\u00bb text_orientation=\u00a0\u00bbcenter\u00a0\u00bb background_layout=\u00a0\u00bbdark\u00a0\u00bb custom_margin=\u00a0\u00bb||8px||false|false\u00a0\u00bb text_text_align=\u00a0\u00bbcenter\u00a0\u00bb global_colors_info=\u00a0\u00bb{}\u00a0\u00bb]T\u00c9MOIGNAGES<br \/>\n[\/et_pb_text][et_pb_image src=\u00a0\u00bbhttps:\/\/www.assist-riviera.com\/wp-content\/uploads\/2019\/08\/quotes.png\u00a0\u00bb align=\u00a0\u00bbcenter\u00a0\u00bb _builder_version=\u00a0\u00bb3.26.6&Prime; max_width=\u00a0\u00bb32px\u00a0\u00bb global_colors_info=\u00a0\u00bb{}\u00a0\u00bb][\/et_pb_image][\/et_pb_column][\/et_pb_row][et_pb_row column_structure=\u00a0\u00bb1_2,1_2&Prime; use_custom_gutter=\u00a0\u00bbon\u00a0\u00bb gutter_width=\u00a0\u00bb1&Prime; make_equal=\u00a0\u00bbon\u00a0\u00bb module_class=\u00a0\u00bbtestimonialSectionRed\u00a0\u00bb _builder_version=\u00a0\u00bb3.26.6&Prime; max_width=\u00a0\u00bb832px\u00a0\u00bb global_colors_info=\u00a0\u00bb{}\u00a0\u00bb][et_pb_column type=\u00a0\u00bb1_2&Prime; _builder_version=\u00a0\u00bb3.26.6&Prime; global_colors_info=\u00a0\u00bb{}\u00a0\u00bb][et_pb_text _builder_version=\u00a0\u00bb3.27.4&Prime; text_font_size=\u00a0\u00bb20px\u00a0\u00bb text_line_height=\u00a0\u00bb40px\u00a0\u00bb background_layout=\u00a0\u00bbdark\u00a0\u00bb global_colors_info=\u00a0\u00bb{}\u00a0\u00bb]<b>\u201cAmazing work, good job!\u201d<br \/>\n<\/b><em>Martin Colford \/ Valbonne<\/em><br \/>\n[\/et_pb_text][et_pb_text _builder_version=\u00a0\u00bb3.27.4&Prime; text_font_size=\u00a0\u00bb20px\u00a0\u00bb text_line_height=\u00a0\u00bb40px\u00a0\u00bb background_layout=\u00a0\u00bbdark\u00a0\u00bb global_colors_info=\u00a0\u00bb{}\u00a0\u00bb]<b>\u201cComp\u00e9tence, efficacit\u00e9, r\u00e9activit\u00e9\u201d<br \/>\n<\/b><em>David C. \/ Cannes<\/em><br \/>\n[\/et_pb_text][\/et_pb_column][et_pb_column type=\u00a0\u00bb1_2&Prime; _builder_version=\u00a0\u00bb3.26.6&Prime; custom_padding=\u00a0\u00bb|||50px|false|false\u00a0\u00bb custom_padding_tablet=\u00a0\u00bb|||0px|false|false\u00a0\u00bb custom_padding_phone=\u00a0\u00bb\u00a0\u00bb custom_padding_last_edited=\u00a0\u00bbon|phone\u00a0\u00bb border_color_all=\u00a0\u00bbrgba(255,255,255,0.5)\u00a0\u00bb border_width_left=\u00a0\u00bb2px\u00a0\u00bb border_color_left=\u00a0\u00bbrgba(255,255,255,0.55)\u00a0\u00bb border_width_left_tablet=\u00a0\u00bb0px\u00a0\u00bb border_width_left_phone=\u00a0\u00bb\u00a0\u00bb border_width_left_last_edited=\u00a0\u00bbon|phone\u00a0\u00bb global_colors_info=\u00a0\u00bb{}\u00a0\u00bb][et_pb_text _builder_version=\u00a0\u00bb3.27.4&Prime; text_font_size=\u00a0\u00bb20px\u00a0\u00bb text_line_height=\u00a0\u00bb40px\u00a0\u00bb background_layout=\u00a0\u00bbdark\u00a0\u00bb global_colors_info=\u00a0\u00bb{}\u00a0\u00bb]<b>\u201cHigh Standard and very efficient!\u201d<br \/>\n<\/b><em>Pete Sanders<\/em><br \/>\n[\/et_pb_text][et_pb_text _builder_version=\u00a0\u00bb3.27.4&Prime; text_font_size=\u00a0\u00bb20px\u00a0\u00bb text_line_height=\u00a0\u00bb40px\u00a0\u00bb background_layout=\u00a0\u00bbdark\u00a0\u00bb global_colors_info=\u00a0\u00bb{}\u00a0\u00bb]<b>\u201cI highly recommend Assist\u201d<br \/>\n<\/b><em>Chris Francis \/ Th\u00e9oule sur Mer<\/em><br \/>\n[\/et_pb_text][\/et_pb_column][\/et_pb_row][et_pb_row column_structure=\u00a0\u00bb1_3,1_3,1_3&Prime; _builder_version=\u00a0\u00bb3.26.6&Prime; global_colors_info=\u00a0\u00bb{}\u00a0\u00bb][et_pb_column type=\u00a0\u00bb1_3&Prime; _builder_version=\u00a0\u00bb3.26.6&Prime; global_colors_info=\u00a0\u00bb{}\u00a0\u00bb][\/et_pb_column][et_pb_column type=\u00a0\u00bb1_3&Prime; _builder_version=\u00a0\u00bb3.26.6&Prime; global_colors_info=\u00a0\u00bb{}\u00a0\u00bb][et_pb_button button_url=\u00a0\u00bbhttps:\/\/www.assist-riviera.com\/fr\/references\/\u00a0\u00bb button_text=\u00a0\u00bbVOIR LES T\u00c9MOIGNAGES\u00a0\u00bb button_alignment=\u00a0\u00bbcenter\u00a0\u00bb _builder_version=\u00a0\u00bb3.26.6&Prime; custom_button=\u00a0\u00bbon\u00a0\u00bb button_text_color=\u00a0\u00bb#ffffff\u00a0\u00bb button_bg_color=\u00a0\u00bbrgba(255,255,255,0)\u00a0\u00bb global_colors_info=\u00a0\u00bb{}\u00a0\u00bb][\/et_pb_button][\/et_pb_column][et_pb_column type=\u00a0\u00bb1_3&Prime; _builder_version=\u00a0\u00bb3.26.6&Prime; global_colors_info=\u00a0\u00bb{}\u00a0\u00bb][\/et_pb_column][\/et_pb_row][\/et_pb_section]<\/p>\n","protected":false},"excerpt":{"rendered":"<p>Installation climatisation \u00e0 Eze et \u00e0 Cap d&rsquo;AilCLIMATISATION EZE ET CAP D&rsquo;AIL : INSTALLATION, ENTRETIEN ET D\u00c9PANNAGE Secteur R\u00e9sidenciel &amp; CommercialUn syst\u00e8me de climatisation performant vous permet de vivre confortablement dans vos locaux, en temps de grande chaleur. Vous devez donc soigner son installation et surtout vous \u00e9quiper avec du mat\u00e9riel de bonne qualit\u00e9. Dans [&hellip;]<\/p>\n","protected":false},"author":1,"featured_media":0,"parent":0,"menu_order":0,"comment_status":"closed","ping_status":"closed","template":"","meta":{"_et_pb_use_builder":"on","_et_pb_old_content":"","_et_gb_content_width":"","footnotes":""},"class_list":["post-5359","page","type-page","status-publish","hentry"],"yoast_head":"<!-- This site is optimized with the Yoast SEO plugin v25.9 - https:\/\/yoast.com\/wordpress\/plugins\/seo\/ -->\n<title>Climatisation Daikin Cap d\u2019Ail et Eze : Installation et D\u00e9pannage<\/title>\n<meta name=\"description\" content=\"Si vous r\u00e9sidez \u00e0 Eze ou \u00e0 Cap d\u2019Ail et recherchez un installateur de clim, optez pour les prestations de l\u2019entreprise Assist, la r\u00e9f\u00e9rence sur la C\u00f4te d\u2019Azur.\" \/>\n<meta name=\"robots\" content=\"index, follow, max-snippet:-1, max-image-preview:large, max-video-preview:-1\" \/>\n<link rel=\"canonical\" href=\"https:\/\/www.assist-riviera.com\/fr\/climatisation-cap-ail-eze\/\" \/>\n<meta property=\"og:locale\" content=\"fr_FR\" \/>\n<meta property=\"og:type\" content=\"article\" \/>\n<meta property=\"og:title\" content=\"Climatisation Daikin Cap d\u2019Ail et Eze : Installation et D\u00e9pannage\" \/>\n<meta property=\"og:description\" content=\"Si vous r\u00e9sidez \u00e0 Eze ou \u00e0 Cap d\u2019Ail et recherchez un installateur de clim, optez pour les prestations de l\u2019entreprise Assist, la r\u00e9f\u00e9rence sur la C\u00f4te d\u2019Azur.\" \/>\n<meta property=\"og:url\" content=\"https:\/\/www.assist-riviera.com\/fr\/climatisation-cap-ail-eze\/\" \/>\n<meta property=\"og:site_name\" content=\"Assist\" \/>\n<meta property=\"article:modified_time\" content=\"2026-01-26T22:56:31+00:00\" \/>\n<meta property=\"og:image\" content=\"https:\/\/www.assist-riviera.com\/wp-content\/uploads\/2019\/08\/worker.png\" \/>\n\t<meta property=\"og:image:width\" content=\"512\" \/>\n\t<meta property=\"og:image:height\" content=\"512\" \/>\n\t<meta property=\"og:image:type\" content=\"image\/png\" \/>\n<meta name=\"twitter:card\" content=\"summary_large_image\" \/>\n<meta name=\"twitter:label1\" content=\"Dur\u00e9e de lecture estim\u00e9e\" \/>\n\t<meta name=\"twitter:data1\" content=\"6 minutes\" \/>\n<script type=\"application\/ld+json\" class=\"yoast-schema-graph\">{\"@context\":\"https:\/\/schema.org\",\"@graph\":[{\"@type\":\"WebPage\",\"@id\":\"https:\/\/www.assist-riviera.com\/fr\/climatisation-cap-ail-eze\/\",\"url\":\"https:\/\/www.assist-riviera.com\/fr\/climatisation-cap-ail-eze\/\",\"name\":\"Climatisation Daikin Cap d\u2019Ail et Eze : Installation et D\u00e9pannage\",\"isPartOf\":{\"@id\":\"https:\/\/www.assist-riviera.com\/#website\"},\"primaryImageOfPage\":{\"@id\":\"https:\/\/www.assist-riviera.com\/fr\/climatisation-cap-ail-eze\/#primaryimage\"},\"image\":{\"@id\":\"https:\/\/www.assist-riviera.com\/fr\/climatisation-cap-ail-eze\/#primaryimage\"},\"thumbnailUrl\":\"https:\/\/www.assist-riviera.com\/wp-content\/uploads\/2019\/08\/worker-300x300.png\",\"datePublished\":\"2021-11-15T15:29:06+00:00\",\"dateModified\":\"2026-01-26T22:56:31+00:00\",\"description\":\"Si vous r\u00e9sidez \u00e0 Eze ou \u00e0 Cap d\u2019Ail et recherchez un installateur de clim, optez pour les prestations de l\u2019entreprise Assist, la r\u00e9f\u00e9rence sur la C\u00f4te d\u2019Azur.\",\"breadcrumb\":{\"@id\":\"https:\/\/www.assist-riviera.com\/fr\/climatisation-cap-ail-eze\/#breadcrumb\"},\"inLanguage\":\"fr-FR\",\"potentialAction\":[{\"@type\":\"ReadAction\",\"target\":[\"https:\/\/www.assist-riviera.com\/fr\/climatisation-cap-ail-eze\/\"]}]},{\"@type\":\"ImageObject\",\"inLanguage\":\"fr-FR\",\"@id\":\"https:\/\/www.assist-riviera.com\/fr\/climatisation-cap-ail-eze\/#primaryimage\",\"url\":\"https:\/\/www.assist-riviera.com\/wp-content\/uploads\/2019\/08\/worker-300x300.png\",\"contentUrl\":\"https:\/\/www.assist-riviera.com\/wp-content\/uploads\/2019\/08\/worker-300x300.png\"},{\"@type\":\"BreadcrumbList\",\"@id\":\"https:\/\/www.assist-riviera.com\/fr\/climatisation-cap-ail-eze\/#breadcrumb\",\"itemListElement\":[{\"@type\":\"ListItem\",\"position\":1,\"name\":\"Home\",\"item\":\"https:\/\/www.assist-riviera.com\/fr\/\"},{\"@type\":\"ListItem\",\"position\":2,\"name\":\"Climatisation Cap d\u2019Ail et Eze : Installation Climatiseur Daikin\"}]},{\"@type\":\"WebSite\",\"@id\":\"https:\/\/www.assist-riviera.com\/#website\",\"url\":\"https:\/\/www.assist-riviera.com\/\",\"name\":\"Assist\",\"description\":\"\",\"potentialAction\":[{\"@type\":\"SearchAction\",\"target\":{\"@type\":\"EntryPoint\",\"urlTemplate\":\"https:\/\/www.assist-riviera.com\/?s={search_term_string}\"},\"query-input\":{\"@type\":\"PropertyValueSpecification\",\"valueRequired\":true,\"valueName\":\"search_term_string\"}}],\"inLanguage\":\"fr-FR\"}]}<\/script>\n<!-- \/ Yoast SEO plugin. -->","yoast_head_json":{"title":"Climatisation Daikin Cap d\u2019Ail et Eze : Installation et D\u00e9pannage","description":"Si vous r\u00e9sidez \u00e0 Eze ou \u00e0 Cap d\u2019Ail et recherchez un installateur de clim, optez pour les prestations de l\u2019entreprise Assist, la r\u00e9f\u00e9rence sur la C\u00f4te d\u2019Azur.","robots":{"index":"index","follow":"follow","max-snippet":"max-snippet:-1","max-image-preview":"max-image-preview:large","max-video-preview":"max-video-preview:-1"},"canonical":"https:\/\/www.assist-riviera.com\/fr\/climatisation-cap-ail-eze\/","og_locale":"fr_FR","og_type":"article","og_title":"Climatisation Daikin Cap d\u2019Ail et Eze : Installation et D\u00e9pannage","og_description":"Si vous r\u00e9sidez \u00e0 Eze ou \u00e0 Cap d\u2019Ail et recherchez un installateur de clim, optez pour les prestations de l\u2019entreprise Assist, la r\u00e9f\u00e9rence sur la C\u00f4te d\u2019Azur.","og_url":"https:\/\/www.assist-riviera.com\/fr\/climatisation-cap-ail-eze\/","og_site_name":"Assist","article_modified_time":"2026-01-26T22:56:31+00:00","og_image":[{"width":512,"height":512,"url":"https:\/\/www.assist-riviera.com\/wp-content\/uploads\/2019\/08\/worker.png","type":"image\/png"}],"twitter_card":"summary_large_image","twitter_misc":{"Dur\u00e9e de lecture estim\u00e9e":"6 minutes"},"schema":{"@context":"https:\/\/schema.org","@graph":[{"@type":"WebPage","@id":"https:\/\/www.assist-riviera.com\/fr\/climatisation-cap-ail-eze\/","url":"https:\/\/www.assist-riviera.com\/fr\/climatisation-cap-ail-eze\/","name":"Climatisation Daikin Cap d\u2019Ail et Eze : Installation et D\u00e9pannage","isPartOf":{"@id":"https:\/\/www.assist-riviera.com\/#website"},"primaryImageOfPage":{"@id":"https:\/\/www.assist-riviera.com\/fr\/climatisation-cap-ail-eze\/#primaryimage"},"image":{"@id":"https:\/\/www.assist-riviera.com\/fr\/climatisation-cap-ail-eze\/#primaryimage"},"thumbnailUrl":"https:\/\/www.assist-riviera.com\/wp-content\/uploads\/2019\/08\/worker-300x300.png","datePublished":"2021-11-15T15:29:06+00:00","dateModified":"2026-01-26T22:56:31+00:00","description":"Si vous r\u00e9sidez \u00e0 Eze ou \u00e0 Cap d\u2019Ail et recherchez un installateur de clim, optez pour les prestations de l\u2019entreprise Assist, la r\u00e9f\u00e9rence sur la C\u00f4te d\u2019Azur.","breadcrumb":{"@id":"https:\/\/www.assist-riviera.com\/fr\/climatisation-cap-ail-eze\/#breadcrumb"},"inLanguage":"fr-FR","potentialAction":[{"@type":"ReadAction","target":["https:\/\/www.assist-riviera.com\/fr\/climatisation-cap-ail-eze\/"]}]},{"@type":"ImageObject","inLanguage":"fr-FR","@id":"https:\/\/www.assist-riviera.com\/fr\/climatisation-cap-ail-eze\/#primaryimage","url":"https:\/\/www.assist-riviera.com\/wp-content\/uploads\/2019\/08\/worker-300x300.png","contentUrl":"https:\/\/www.assist-riviera.com\/wp-content\/uploads\/2019\/08\/worker-300x300.png"},{"@type":"BreadcrumbList","@id":"https:\/\/www.assist-riviera.com\/fr\/climatisation-cap-ail-eze\/#breadcrumb","itemListElement":[{"@type":"ListItem","position":1,"name":"Home","item":"https:\/\/www.assist-riviera.com\/fr\/"},{"@type":"ListItem","position":2,"name":"Climatisation Cap d\u2019Ail et Eze : Installation Climatiseur Daikin"}]},{"@type":"WebSite","@id":"https:\/\/www.assist-riviera.com\/#website","url":"https:\/\/www.assist-riviera.com\/","name":"Assist","description":"","potentialAction":[{"@type":"SearchAction","target":{"@type":"EntryPoint","urlTemplate":"https:\/\/www.assist-riviera.com\/?s={search_term_string}"},"query-input":{"@type":"PropertyValueSpecification","valueRequired":true,"valueName":"search_term_string"}}],"inLanguage":"fr-FR"}]}},"_links":{"self":[{"href":"https:\/\/www.assist-riviera.com\/fr\/wp-json\/wp\/v2\/pages\/5359","targetHints":{"allow":["GET"]}}],"collection":[{"href":"https:\/\/www.assist-riviera.com\/fr\/wp-json\/wp\/v2\/pages"}],"about":[{"href":"https:\/\/www.assist-riviera.com\/fr\/wp-json\/wp\/v2\/types\/page"}],"author":[{"embeddable":true,"href":"https:\/\/www.assist-riviera.com\/fr\/wp-json\/wp\/v2\/users\/1"}],"replies":[{"embeddable":true,"href":"https:\/\/www.assist-riviera.com\/fr\/wp-json\/wp\/v2\/comments?post=5359"}],"version-history":[{"count":5,"href":"https:\/\/www.assist-riviera.com\/fr\/wp-json\/wp\/v2\/pages\/5359\/revisions"}],"predecessor-version":[{"id":10498,"href":"https:\/\/www.assist-riviera.com\/fr\/wp-json\/wp\/v2\/pages\/5359\/revisions\/10498"}],"wp:attachment":[{"href":"https:\/\/www.assist-riviera.com\/fr\/wp-json\/wp\/v2\/media?parent=5359"}],"curies":[{"name":"wp","href":"https:\/\/api.w.org\/{rel}","templated":true}]}}