{"id":11196,"date":"2026-04-20T15:42:03","date_gmt":"2026-04-20T15:42:03","guid":{"rendered":"https:\/\/www.assist-riviera.com\/?page_id=11196"},"modified":"2026-04-20T15:47:42","modified_gmt":"2026-04-20T15:47:42","slug":"ventilo-convecteurs","status":"publish","type":"page","link":"https:\/\/www.assist-riviera.com\/fr\/ventilo-convecteurs\/","title":{"rendered":"Pose ventilo-convecteurs"},"content":{"rendered":"<p>[et_pb_section fb_built=\u00a0\u00bb1&Prime; _builder_version=\u00a0\u00bb3.26.6&Prime; background_color=\u00a0\u00bbrgba(226,226,226,0.3)\u00a0\u00bb background_image=\u00a0\u00bbhttps:\/\/www.assist-riviera.com\/wp-content\/uploads\/2019\/08\/installation-de-climatisation.jpg\u00a0\u00bb background_position=\u00a0\u00bbtop_center\u00a0\u00bb background_blend=\u00a0\u00bboverlay\u00a0\u00bb custom_padding=\u00a0\u00bb100px||100px||true|false\u00a0\u00bb bottom_divider_height=\u00a0\u00bb73px\u00a0\u00bb bottom_divider_flip=\u00a0\u00bbvertical\u00a0\u00bb global_colors_info=\u00a0\u00bb{}\u00a0\u00bb][et_pb_row _builder_version=\u00a0\u00bb3.26.6&Prime; global_colors_info=\u00a0\u00bb{}\u00a0\u00bb][et_pb_column type=\u00a0\u00bb4_4&Prime; _builder_version=\u00a0\u00bb3.26.6&Prime; global_colors_info=\u00a0\u00bb{}\u00a0\u00bb][et_pb_text _builder_version=\u00a0\u00bb4.13.0&Prime; text_font=\u00a0\u00bb||||||||\u00a0\u00bb header_font=\u00a0\u00bb|||on|||||\u00a0\u00bb header_text_align=\u00a0\u00bbcenter\u00a0\u00bb header_text_color=\u00a0\u00bb#ffffff\u00a0\u00bb header_font_size=\u00a0\u00bb38px\u00a0\u00bb text_orientation=\u00a0\u00bbcenter\u00a0\u00bb hover_enabled=\u00a0\u00bb0&Prime; header_text_shadow_style=\u00a0\u00bbpreset3&Prime; header_text_shadow_color=\u00a0\u00bb#000000&Prime; text_text_align=\u00a0\u00bbcenter\u00a0\u00bb global_colors_info=\u00a0\u00bb{}\u00a0\u00bb sticky_enabled=\u00a0\u00bb0&Prime;]<\/p>\n<h1 style=\"text-align: center;\">Pose de ventilo-convecteurs \u00e0 cannes, mougins et mandelieu : installation et entretien<\/h1>\n<p>[\/et_pb_text][et_pb_button button_url=\u00a0\u00bbtel:+33780999899&Prime; button_text=\u00a0\u00bb07 80 99 98 99&Prime; button_alignment=\u00a0\u00bbcenter\u00a0\u00bb _builder_version=\u00a0\u00bb4.13.0&Prime; custom_button=\u00a0\u00bbon\u00a0\u00bb button_text_size=\u00a0\u00bb15px\u00a0\u00bb button_text_color=\u00a0\u00bb#ffffff\u00a0\u00bb button_bg_color=\u00a0\u00bb#e02b20&Prime; button_border_color=\u00a0\u00bb#e02b20&Prime; button_icon=\u00a0\u00bb&#xe090;||divi||400&Prime; button_icon_placement=\u00a0\u00bbleft\u00a0\u00bb button_on_hover=\u00a0\u00bboff\u00a0\u00bb button_text_shadow_style=\u00a0\u00bbpreset1&Prime; box_shadow_style=\u00a0\u00bbpreset1&Prime; global_colors_info=\u00a0\u00bb{}\u00a0\u00bb][\/et_pb_button][\/et_pb_column][\/et_pb_row][\/et_pb_section][et_pb_section fb_built=\u00a0\u00bb1&Prime; _builder_version=\u00a0\u00bb3.26.6&Prime; global_colors_info=\u00a0\u00bb{}\u00a0\u00bb][et_pb_row column_structure=\u00a0\u00bb3_5,2_5&Prime; _builder_version=\u00a0\u00bb3.26.6&Prime; global_colors_info=\u00a0\u00bb{}\u00a0\u00bb][et_pb_column type=\u00a0\u00bb3_5&Prime; _builder_version=\u00a0\u00bb3.26.6&Prime; global_colors_info=\u00a0\u00bb{}\u00a0\u00bb][et_pb_text _builder_version=\u00a0\u00bb4.13.0&Prime; text_font=\u00a0\u00bb||||||||\u00a0\u00bb text_text_color=\u00a0\u00bb#fdb813&Prime; header_font=\u00a0\u00bb|||on|||||\u00a0\u00bb header_text_color=\u00a0\u00bb#ffffff\u00a0\u00bb header_2_font_size=\u00a0\u00bb28px\u00a0\u00bb background_layout=\u00a0\u00bbdark\u00a0\u00bb custom_padding=\u00a0\u00bb|||8px|false|false\u00a0\u00bb hover_enabled=\u00a0\u00bb0&Prime; border_color_all=\u00a0\u00bb#e02b20&Prime; border_width_left=\u00a0\u00bb8px\u00a0\u00bb border_color_left=\u00a0\u00bb#e09900&Prime; global_colors_info=\u00a0\u00bb{}\u00a0\u00bb sticky_enabled=\u00a0\u00bb0&Prime;]<\/p>\n<h2><span style=\"font-size: x-large; color: #ffffff;\"><span style=\"color: #333333;\"> VENTILO-CONVECTEUR : INSTALLATION, ENTRETIEN ET D\u00c9PANNAGE<br \/><\/span><\/span><\/h2>\n<p>Secteur R\u00e9sidenciel &amp; Commercial<\/p>\n<p>[\/et_pb_text][et_pb_text _builder_version=\u00a0\u00bb4.13.0&Prime; hover_enabled=\u00a0\u00bb0&Prime; global_colors_info=\u00a0\u00bb{}\u00a0\u00bb sticky_enabled=\u00a0\u00bb0&Prime;]<\/p>\n<p style=\"text-align: justify;\">Le <strong>ventilo-convecteur<\/strong> s&rsquo;impose comme la solution id\u00e9ale pour garantir un <strong>confort thermique<\/strong> optimal tout au long de l\u2019ann\u00e9e. Ce syst\u00e8me polyvalent assure \u00e0 la fois le chauffage en hiver et le rafra\u00eechissement durant les p\u00e9riodes estivales, offrant ainsi une r\u00e9ponse compl\u00e8te aux besoins des particuliers et professionnels de la C\u00f4te d\u2019Azur. Gr\u00e2ce \u00e0 sa capacit\u00e9 \u00e0 diffuser une temp\u00e9rature homog\u00e8ne et \u00e0 son fonctionnement discret, il s\u00e9duit par ses <strong>performances \u00e9nerg\u00e9tiques<\/strong> sup\u00e9rieures face aux \u00e9quipements traditionnels.<\/p>\n<p style=\"text-align: justify;\">Bas\u00e9e au c\u0153ur de la r\u00e9gion, <strong>assist riviera<\/strong> se positionne comme votre expert local pour la <strong>pose de ventilo-convecteurs<\/strong> \u00e0 Cannes, Mougins et Mandelieu. Nos \u00e9quipes sp\u00e9cialis\u00e9es en <strong>chauffage, ventilation et climatisation (CVC)<\/strong> vous accompagnent \u00e0 chaque \u00e9tape du projet, de l\u2019\u00e9tude personnalis\u00e9e \u00e0 la maintenance r\u00e9guli\u00e8re. Ma\u00eetrisant les sp\u00e9cificit\u00e9s locales, nous garantissons un service haut de gamme et sur mesure afin d\u2019assurer la p\u00e9rennit\u00e9 et la performance de votre installation, pour un confort durable toute l\u2019ann\u00e9e.<\/p>\n<p>[\/et_pb_text][et_pb_button button_url=\u00a0\u00bbtel:+33780999899&Prime; button_text=\u00a0\u00bbAppelez-Nous\u00a0\u00bb button_alignment=\u00a0\u00bbright\u00a0\u00bb _builder_version=\u00a0\u00bb4.13.0&Prime; custom_button=\u00a0\u00bbon\u00a0\u00bb button_text_size=\u00a0\u00bb20px\u00a0\u00bb button_text_color=\u00a0\u00bb#000000&Prime; button_bg_color=\u00a0\u00bb#e09900&Prime; button_border_width=\u00a0\u00bb0px\u00a0\u00bb button_border_color=\u00a0\u00bb#ffffff\u00a0\u00bb button_border_radius=\u00a0\u00bb0px\u00a0\u00bb button_icon=\u00a0\u00bb&#xe090;||divi||400&Prime; button_icon_color=\u00a0\u00bb#000000&Prime; button_icon_placement=\u00a0\u00bbleft\u00a0\u00bb button_on_hover=\u00a0\u00bboff\u00a0\u00bb global_colors_info=\u00a0\u00bb{}\u00a0\u00bb][\/et_pb_button][\/et_pb_column][et_pb_column type=\u00a0\u00bb2_5&Prime; module_class=\u00a0\u00bbcontactColumnDark\u00a0\u00bb _builder_version=\u00a0\u00bb3.26.6&Prime; global_colors_info=\u00a0\u00bb{}\u00a0\u00bb][et_pb_text module_class=\u00a0\u00bbaccueilcf7box\u00a0\u00bb _builder_version=\u00a0\u00bb3.27.4&Prime; background_color=\u00a0\u00bb#303030&Prime; background_layout=\u00a0\u00bbdark\u00a0\u00bb max_width=\u00a0\u00bb350px\u00a0\u00bb module_alignment=\u00a0\u00bbcenter\u00a0\u00bb custom_margin=\u00a0\u00bb||||false|false\u00a0\u00bb custom_padding=\u00a0\u00bb30px|30px|30px|30px|false|false\u00a0\u00bb box_shadow_style=\u00a0\u00bbpreset1&Prime; box_shadow_color=\u00a0\u00bb#aaaaaa\u00a0\u00bb global_colors_info=\u00a0\u00bb{}\u00a0\u00bb]<img decoding=\"async\" class=\"wp-image-78 alignleft size-medium\" src=\"https:\/\/www.assist-riviera.com\/wp-content\/uploads\/2019\/08\/worker-300x300.png\" width=\"45\" srcset=\"https:\/\/www.assist-riviera.com\/wp-content\/uploads\/2019\/08\/worker-300x300.png 300w, https:\/\/www.assist-riviera.com\/wp-content\/uploads\/2019\/08\/worker-150x150.png 150w, https:\/\/www.assist-riviera.com\/wp-content\/uploads\/2019\/08\/worker.png 512w\" sizes=\"(max-width: 300px) 100vw, 300px\" \/><\/p>\n<div class=\"cf7title\">Appelez-Nous<br \/>\nDevis GRATUIT<\/div>\n<p>\n<div class=\"wpcf7 no-js\" id=\"wpcf7-f15-o1\" lang=\"fr-FR\" dir=\"ltr\" data-wpcf7-id=\"15\">\n<div class=\"screen-reader-response\"><p role=\"status\" aria-live=\"polite\" aria-atomic=\"true\"><\/p> <ul><\/ul><\/div>\n<form action=\"\/fr\/wp-json\/wp\/v2\/pages\/11196#wpcf7-f15-o1\" method=\"post\" class=\"wpcf7-form init\" aria-label=\"Formulaire de contact\" novalidate=\"novalidate\" data-status=\"init\">\n<fieldset class=\"hidden-fields-container\"><input type=\"hidden\" name=\"_wpcf7\" value=\"15\" \/><input type=\"hidden\" name=\"_wpcf7_version\" value=\"6.1.5\" \/><input type=\"hidden\" name=\"_wpcf7_locale\" value=\"fr_FR\" \/><input type=\"hidden\" name=\"_wpcf7_unit_tag\" value=\"wpcf7-f15-o1\" \/><input type=\"hidden\" name=\"_wpcf7_container_post\" value=\"0\" \/><input type=\"hidden\" name=\"_wpcf7_posted_data_hash\" value=\"\" \/>\n<\/fieldset>\n<p><label> Votre nom (obligatoire)<br \/>\n<span class=\"wpcf7-form-control-wrap\" data-name=\"your-name\"><input size=\"40\" maxlength=\"400\" class=\"wpcf7-form-control wpcf7-text wpcf7-validates-as-required\" aria-required=\"true\" aria-invalid=\"false\" value=\"\" type=\"text\" name=\"your-name\" \/><\/span> <\/label>\n<\/p>\n<p><label> Votre adresse de messagerie (obligatoire)<br \/>\n<span class=\"wpcf7-form-control-wrap\" data-name=\"your-email\"><input size=\"40\" maxlength=\"400\" class=\"wpcf7-form-control wpcf7-email wpcf7-validates-as-required wpcf7-text wpcf7-validates-as-email\" aria-required=\"true\" aria-invalid=\"false\" value=\"\" type=\"email\" name=\"your-email\" \/><\/span> <\/label>\n<\/p>\n<p><label> T\u00e9l\u00e9phone<br \/>\n<span class=\"wpcf7-form-control-wrap\" data-name=\"tel-877\"><input size=\"40\" maxlength=\"400\" class=\"wpcf7-form-control wpcf7-tel wpcf7-text wpcf7-validates-as-tel\" aria-invalid=\"false\" value=\"\" type=\"tel\" name=\"tel-877\" \/><\/span> <\/label>\n<\/p>\n<p><label> Ville<br \/>\n<span class=\"wpcf7-form-control-wrap\" data-name=\"your-ville\"><input size=\"40\" maxlength=\"400\" class=\"wpcf7-form-control wpcf7-text\" aria-invalid=\"false\" value=\"\" type=\"text\" name=\"your-ville\" \/><\/span> <\/label>\n<\/p>\n<p><label> Votre message<br \/>\n<span class=\"wpcf7-form-control-wrap\" data-name=\"your-message\"><textarea cols=\"40\" rows=\"10\" maxlength=\"2000\" class=\"wpcf7-form-control wpcf7-textarea\" aria-invalid=\"false\" name=\"your-message\"><\/textarea><\/span> <\/label>\n<\/p>\n<p><input class=\"wpcf7-form-control wpcf7-submit has-spinner\" type=\"submit\" value=\"Envoyer\" \/>\n<\/p><p style=\"display: none !important;\" class=\"akismet-fields-container\" data-prefix=\"_wpcf7_ak_\"><label>&#916;<textarea name=\"_wpcf7_ak_hp_textarea\" cols=\"45\" rows=\"8\" maxlength=\"100\"><\/textarea><\/label><input type=\"hidden\" id=\"ak_js_1\" name=\"_wpcf7_ak_js\" value=\"13\"\/><script>document.getElementById( \"ak_js_1\" ).setAttribute( \"value\", ( new Date() ).getTime() );<\/script><\/p><div class=\"wpcf7-response-output\" aria-hidden=\"true\"><\/div>\n<\/form>\n<\/div>\n<br \/>\n[\/et_pb_text][\/et_pb_column][\/et_pb_row][et_pb_row _builder_version=\u00a0\u00bb4.13.0&Prime; _module_preset=\u00a0\u00bbdefault\u00a0\u00bb][et_pb_column _builder_version=\u00a0\u00bb4.13.0&Prime; _module_preset=\u00a0\u00bbdefault\u00a0\u00bb type=\u00a0\u00bb4_4&Prime;][et_pb_text _builder_version=\u00a0\u00bb4.13.0&Prime; hover_enabled=\u00a0\u00bb0&Prime; global_colors_info=\u00a0\u00bb{}\u00a0\u00bb sticky_enabled=\u00a0\u00bb0&Prime;]<\/p>\n<h2>Pourquoi installer un ventilo-convecteur ?<\/h2>\n<p style=\"text-align: justify;\">Opter pour une <strong>installation de ventilo-convecteur<\/strong> r\u00e9pond \u00e0 la recherche croissante de solutions \u00e0 la fois efficaces, discr\u00e8tes et simples \u00e0 utiliser pour le <strong>chauffage et la climatisation<\/strong>. Ce type d\u2019appareil offre une <strong>diffusion homog\u00e8ne de la chaleur ou de la fra\u00eecheur<\/strong> dans toutes les pi\u00e8ces, tout en restant silencieux et \u00e9conome en \u00e9nergie. Il s\u2019adapte parfaitement aux exigences modernes de confort et d\u2019esth\u00e9tique.<\/p>\n<p style=\"text-align: justify;\">Gr\u00e2ce \u00e0 leur conception innovante, les <strong>ventilo-convecteurs<\/strong> permettent une mont\u00e9e rapide en temp\u00e9rature et maintiennent une atmosph\u00e8re agr\u00e9able m\u00eame lors des pics de chaleur estivale. Leur compatibilit\u00e9 avec diff\u00e9rents g\u00e9n\u00e9rateurs \u2013 pompes \u00e0 chaleur, chaudi\u00e8res \u2013 facilite l\u2019int\u00e9gration dans tous types de projets, neufs ou r\u00e9nov\u00e9s, o\u00f9 la <strong>performance \u00e9nerg\u00e9tique<\/strong> et l\u2019optimisation de l\u2019espace sont essentielles.<\/p>\n<p>[\/et_pb_text][\/et_pb_column][\/et_pb_row][\/et_pb_section][et_pb_section fb_built=\u00a0\u00bb1&Prime; _builder_version=\u00a0\u00bb3.26.6&Prime; background_color=\u00a0\u00bb#d3d3d3&Prime; background_image=\u00a0\u00bbhttps:\/\/www.assist-riviera.com\/wp-content\/uploads\/2019\/08\/sp\u00e9cialiste-clim.jpg\u00a0\u00bb background_blend=\u00a0\u00bboverlay\u00a0\u00bb global_colors_info=\u00a0\u00bb{}\u00a0\u00bb][et_pb_row column_structure=\u00a0\u00bb1_3,1_3,1_3&Prime; _builder_version=\u00a0\u00bb3.26.6&Prime; global_colors_info=\u00a0\u00bb{}\u00a0\u00bb][et_pb_column type=\u00a0\u00bb1_3&Prime; _builder_version=\u00a0\u00bb3.26.6&Prime; global_colors_info=\u00a0\u00bb{}\u00a0\u00bb][et_pb_blurb use_icon=\u00a0\u00bbon\u00a0\u00bb font_icon=\u00a0\u00bb&#xe035;||divi||400&Prime; icon_color=\u00a0\u00bb#e02b20&Prime; image_icon_width=\u00a0\u00bb29px\u00a0\u00bb _builder_version=\u00a0\u00bb4.13.0&Prime; header_font_size=\u00a0\u00bb23px\u00a0\u00bb body_font=\u00a0\u00bb|600|||||||\u00a0\u00bb body_text_color=\u00a0\u00bb#000000&Prime; icon_font_size=\u00a0\u00bb29px\u00a0\u00bb global_colors_info=\u00a0\u00bb{}\u00a0\u00bb]<\/p>\n<p style=\"text-align: center;\">Climatisation<\/p>\n<p>[\/et_pb_blurb][et_pb_blurb use_icon=\u00a0\u00bbon\u00a0\u00bb font_icon=\u00a0\u00bb&#xe038;||divi||400&Prime; icon_color=\u00a0\u00bb#e02b20&Prime; image_icon_width=\u00a0\u00bb29px\u00a0\u00bb _builder_version=\u00a0\u00bb4.13.0&Prime; header_font_size=\u00a0\u00bb23px\u00a0\u00bb body_font=\u00a0\u00bb|600|||||||\u00a0\u00bb body_text_color=\u00a0\u00bb#000000&Prime; icon_font_size=\u00a0\u00bb29px\u00a0\u00bb global_colors_info=\u00a0\u00bb{}\u00a0\u00bb]<\/p>\n<p style=\"text-align: center;\">Radiateurs<\/p>\n<p>[\/et_pb_blurb][\/et_pb_column][et_pb_column type=\u00a0\u00bb1_3&Prime; _builder_version=\u00a0\u00bb3.26.6&Prime; global_colors_info=\u00a0\u00bb{}\u00a0\u00bb][et_pb_blurb use_icon=\u00a0\u00bbon\u00a0\u00bb font_icon=\u00a0\u00bb&#xe037;||divi||400&Prime; icon_color=\u00a0\u00bb#e02b20&Prime; image_icon_width=\u00a0\u00bb29px\u00a0\u00bb _builder_version=\u00a0\u00bb4.13.0&Prime; header_font_size=\u00a0\u00bb23px\u00a0\u00bb body_font=\u00a0\u00bb|600|||||||\u00a0\u00bb body_text_color=\u00a0\u00bb#000000&Prime; icon_font_size=\u00a0\u00bb29px\u00a0\u00bb global_colors_info=\u00a0\u00bb{}\u00a0\u00bb]<\/p>\n<p style=\"text-align: center;\">Pompes \u00e0 chaleur<\/p>\n<p>[\/et_pb_blurb][et_pb_blurb use_icon=\u00a0\u00bbon\u00a0\u00bb font_icon=\u00a0\u00bb&#xe0dd;||divi||400&Prime; icon_color=\u00a0\u00bb#e02b20&Prime; image_icon_width=\u00a0\u00bb29px\u00a0\u00bb _builder_version=\u00a0\u00bb4.13.0&Prime; header_font_size=\u00a0\u00bb23px\u00a0\u00bb body_font=\u00a0\u00bb|600|||||||\u00a0\u00bb body_text_color=\u00a0\u00bb#000000&Prime; icon_font_size=\u00a0\u00bb29px\u00a0\u00bb global_colors_info=\u00a0\u00bb{}\u00a0\u00bb]<\/p>\n<p style=\"text-align: center;\">Chauffage au sol<\/p>\n<p>[\/et_pb_blurb][\/et_pb_column][et_pb_column type=\u00a0\u00bb1_3&Prime; _builder_version=\u00a0\u00bb3.26.6&Prime; global_colors_info=\u00a0\u00bb{}\u00a0\u00bb][et_pb_blurb use_icon=\u00a0\u00bbon\u00a0\u00bb font_icon=\u00a0\u00bb&#xe036;||divi||400&Prime; icon_color=\u00a0\u00bb#e02b20&Prime; image_icon_width=\u00a0\u00bb29px\u00a0\u00bb _builder_version=\u00a0\u00bb4.13.0&Prime; header_font_size=\u00a0\u00bb23px\u00a0\u00bb body_font=\u00a0\u00bb|600|||||||\u00a0\u00bb body_text_color=\u00a0\u00bb#000000&Prime; icon_font_size=\u00a0\u00bb29px\u00a0\u00bb global_colors_info=\u00a0\u00bb{}\u00a0\u00bb]<\/p>\n<p style=\"text-align: center;\">Chaudi\u00e8re<\/p>\n<p>[\/et_pb_blurb][et_pb_blurb use_icon=\u00a0\u00bbon\u00a0\u00bb font_icon=\u00a0\u00bb&#xe074;||divi||400&Prime; icon_color=\u00a0\u00bb#e02b20&Prime; image_icon_width=\u00a0\u00bb29px\u00a0\u00bb _builder_version=\u00a0\u00bb4.13.0&Prime; header_font_size=\u00a0\u00bb23px\u00a0\u00bb body_font=\u00a0\u00bb|600|||||||\u00a0\u00bb body_text_color=\u00a0\u00bb#000000&Prime; icon_font_size=\u00a0\u00bb29px\u00a0\u00bb global_colors_info=\u00a0\u00bb{}\u00a0\u00bb]<\/p>\n<p style=\"text-align: center;\">Service &amp; maintenance<\/p>\n<p>[\/et_pb_blurb][\/et_pb_column][\/et_pb_row][\/et_pb_section][et_pb_section fb_built=\u00a0\u00bb1&Prime; _builder_version=\u00a0\u00bb4.13.0&Prime; background_color=\u00a0\u00bbrgba(255,255,255,0.9)\u00a0\u00bb background_blend=\u00a0\u00bboverlay\u00a0\u00bb hover_enabled=\u00a0\u00bb0&Prime; global_colors_info=\u00a0\u00bb{}\u00a0\u00bb background_enable_image=\u00a0\u00bboff\u00a0\u00bb sticky_enabled=\u00a0\u00bb0&Prime;][et_pb_row _builder_version=\u00a0\u00bb3.26.6&Prime; global_colors_info=\u00a0\u00bb{}\u00a0\u00bb][et_pb_column type=\u00a0\u00bb4_4&Prime; _builder_version=\u00a0\u00bb3.26.6&Prime; global_colors_info=\u00a0\u00bb{}\u00a0\u00bb][et_pb_text _builder_version=\u00a0\u00bb4.13.0&Prime; header_font=\u00a0\u00bb|||on|||||\u00a0\u00bb header_2_font=\u00a0\u00bb|||on|||||\u00a0\u00bb hover_enabled=\u00a0\u00bb0&Prime; global_colors_info=\u00a0\u00bb{}\u00a0\u00bb sticky_enabled=\u00a0\u00bb0&Prime;]<\/p>\n<h2>Nos solutions de ventilo-convecteurs<\/h2>\n<p style=\"text-align: justify;\">Chez <strong>assist riviera<\/strong>, chaque besoin b\u00e9n\u00e9ficie d\u2019une solution sur mesure gr\u00e2ce \u00e0 une gamme compl\u00e8te de <strong>ventilo-convecteurs<\/strong> adapt\u00e9e aux environnements r\u00e9sidentiels comme professionnels. Le choix du mod\u00e8le ad\u00e9quat garantit une <strong>pose ventilo-convecteur<\/strong> efficace et discr\u00e8te, pour un <strong>chauffage climatisation ventilo convecteur Mandelieu, Cannes ou Mougins<\/strong> performant et durable.<\/p>\n<h3 style=\"text-align: justify;\">Mod\u00e8les muraux<\/h3>\n<p style=\"text-align: justify;\">Les <strong>ventilo-convecteurs muraux<\/strong> s\u00e9duisent par leur design compact et leur faible encombrement. Install\u00e9s en hauteur, ils diffusent efficacement l\u2019air sans impacter l\u2019am\u00e9nagement int\u00e9rieur. Ce choix privil\u00e9gie la discr\u00e9tion tout en assurant une <strong>diffusion homog\u00e8ne<\/strong> dans les appartements, bureaux ou h\u00f4tels o\u00f9 chaque m\u00e8tre carr\u00e9 est pr\u00e9cieux.<\/p>\n<p style=\"text-align: justify;\">Leur programmation intuitive permet d\u2019ajuster le <strong>confort thermique<\/strong> en quelques gestes, sans comp\u00e9tence technique particuli\u00e8re. La r\u00e9activit\u00e9 de ces appareils s\u2019av\u00e8re pr\u00e9cieuse pour adapter instantan\u00e9ment la temp\u00e9rature int\u00e9rieure selon les variations ext\u00e9rieures.<\/p>\n<h3 style=\"text-align: justify;\">Consoles<\/h3>\n<p style=\"text-align: justify;\">Les <strong>consoles de ventilo-convecteurs<\/strong> offrent une alternative moderne aux radiateurs classiques. Plac\u00e9es en partie basse, elles assurent un <strong>chauffage performant<\/strong> en hiver et un rafra\u00eechissement agr\u00e9able en \u00e9t\u00e9. Id\u00e9ales pour les pi\u00e8ces de taille moyenne, elles apportent plusieurs points de diffusion de chaleur ou de fra\u00eecheur, pour un r\u00e9sultat sur mesure.<\/p>\n<p style=\"text-align: justify;\">\u00c9quip\u00e9es de carters \u00e9l\u00e9gants et de syst\u00e8mes de filtration avanc\u00e9s, les consoles contribuent \u00e9galement \u00e0 la qualit\u00e9 de l\u2019air int\u00e9rieur. Leur pr\u00e9sence am\u00e9liore non seulement le bien-\u00eatre thermique mais participe aussi \u00e0 un environnement sain et confortable au quotidien.<\/p>\n<h3 style=\"text-align: justify;\">Ventilo-convecteurs gainables<\/h3>\n<p style=\"text-align: justify;\">Pour ceux qui souhaitent une <strong>solution totalement discr\u00e8te<\/strong>, les <strong>ventilo-convecteurs gainables<\/strong> s\u2019int\u00e8grent dans les faux plafonds ou combles, laissant visibles uniquement les grilles de soufflage. Ils pr\u00e9servent ainsi l\u2019esth\u00e9tique des espaces tout en assurant une <strong>couverture thermique \u00e9tendue<\/strong>.<\/p>\n<p style=\"text-align: justify;\">Parfaits pour les villas contemporaines ou les locaux professionnels, ces mod\u00e8les offrent une <strong>diffusion uniforme<\/strong> et limitent les zones de froid ou de surchauffe. Ils maximisent la sensation de bien-\u00eatre quelle que soit la saison, pour un <strong>confort thermique<\/strong> in\u00e9gal\u00e9.<\/p>\n<ul>\n<li style=\"text-align: justify;\"><strong>Performance \u00e9nerg\u00e9tique<\/strong> sup\u00e9rieure avec technologie inverter<\/li>\n<li style=\"text-align: justify;\"><strong>Diffusion homog\u00e8ne<\/strong> pour un confort stable pi\u00e8ce apr\u00e8s pi\u00e8ce<\/li>\n<li style=\"text-align: justify;\"><strong>Pilotage intelligent<\/strong> de la temp\u00e9rature \u00e0 distance<\/li>\n<li style=\"text-align: justify;\"><strong>Fonctionnement silencieux<\/strong>, id\u00e9al pour chambres et espaces de travail<\/li>\n<li style=\"text-align: justify;\"><strong>Filtres haute performance<\/strong> pour un air sain<\/li>\n<\/ul>\n<p>[\/et_pb_text][et_pb_button button_url=\u00a0\u00bbtel:+33780999899&Prime; button_text=\u00a0\u00bbAppelez-Nous \u00a0\u00bb button_alignment=\u00a0\u00bbright\u00a0\u00bb _builder_version=\u00a0\u00bb4.13.0&Prime; custom_button=\u00a0\u00bbon\u00a0\u00bb button_text_size=\u00a0\u00bb20px\u00a0\u00bb button_text_color=\u00a0\u00bb#000000&Prime; button_bg_color=\u00a0\u00bb#e09900&Prime; button_border_width=\u00a0\u00bb0px\u00a0\u00bb button_border_color=\u00a0\u00bb#ffffff\u00a0\u00bb button_border_radius=\u00a0\u00bb0px\u00a0\u00bb button_icon=\u00a0\u00bb&#xe090;||divi||400&Prime; button_icon_color=\u00a0\u00bb#000000&Prime; button_icon_placement=\u00a0\u00bbleft\u00a0\u00bb button_on_hover=\u00a0\u00bboff\u00a0\u00bb global_colors_info=\u00a0\u00bb{}\u00a0\u00bb][\/et_pb_button][\/et_pb_column][\/et_pb_row][\/et_pb_section][et_pb_section fb_built=\u00a0\u00bb1&Prime; _builder_version=\u00a0\u00bb3.26.6&Prime; width=\u00a0\u00bb100%\u00a0\u00bb custom_margin=\u00a0\u00bb0px||0px||false|false\u00a0\u00bb custom_padding=\u00a0\u00bb0px||0px||false|false\u00a0\u00bb global_colors_info=\u00a0\u00bb{}\u00a0\u00bb][et_pb_row column_structure=\u00a0\u00bb1_4,1_4,1_4,1_4&Prime; use_custom_gutter=\u00a0\u00bbon\u00a0\u00bb gutter_width=\u00a0\u00bb1&Prime; make_equal=\u00a0\u00bbon\u00a0\u00bb module_class=\u00a0\u00bbimgRowZoom\u00a0\u00bb _builder_version=\u00a0\u00bb3.26.6&Prime; width=\u00a0\u00bb100%\u00a0\u00bb max_width=\u00a0\u00bbnone\u00a0\u00bb custom_margin=\u00a0\u00bb0px||0px||false|false\u00a0\u00bb custom_padding=\u00a0\u00bb0px|0px|0px||false|false\u00a0\u00bb global_colors_info=\u00a0\u00bb{}\u00a0\u00bb][et_pb_column type=\u00a0\u00bb1_4&Prime; _builder_version=\u00a0\u00bb3.26.6&Prime; global_colors_info=\u00a0\u00bb{}\u00a0\u00bb][et_pb_image src=\u00a0\u00bbhttps:\/\/www.assist-riviera.com\/wp-content\/uploads\/2019\/08\/installateur-de-climatisation.jpg\u00a0\u00bb alt=\u00a0\u00bbinstallateur de climatisation\u00a0\u00bb title_text=\u00a0\u00bbinstallateur de climatisation\u00a0\u00bb _builder_version=\u00a0\u00bb3.26.6&Prime; global_colors_info=\u00a0\u00bb{}\u00a0\u00bb][\/et_pb_image][\/et_pb_column][et_pb_column type=\u00a0\u00bb1_4&Prime; _builder_version=\u00a0\u00bb3.26.6&Prime; global_colors_info=\u00a0\u00bb{}\u00a0\u00bb][et_pb_image src=\u00a0\u00bbhttps:\/\/www.assist-riviera.com\/wp-content\/uploads\/2019\/08\/maintenance-de-climatisation.jpg\u00a0\u00bb alt=\u00a0\u00bbmaintenance de climatisation\u00a0\u00bb title_text=\u00a0\u00bbmaintenance de climatisation\u00a0\u00bb _builder_version=\u00a0\u00bb3.26.6&Prime; global_colors_info=\u00a0\u00bb{}\u00a0\u00bb][\/et_pb_image][\/et_pb_column][et_pb_column type=\u00a0\u00bb1_4&Prime; _builder_version=\u00a0\u00bb3.26.6&Prime; global_colors_info=\u00a0\u00bb{}\u00a0\u00bb][et_pb_image src=\u00a0\u00bbhttps:\/\/www.assist-riviera.com\/wp-content\/uploads\/2019\/08\/d\u00e9pannage-climatisation.jpg\u00a0\u00bb alt=\u00a0\u00bbd\u00e9pannage climatisation\u00a0\u00bb title_text=\u00a0\u00bbd\u00e9pannage climatisation\u00a0\u00bb _builder_version=\u00a0\u00bb3.26.6&Prime; global_colors_info=\u00a0\u00bb{}\u00a0\u00bb][\/et_pb_image][\/et_pb_column][et_pb_column type=\u00a0\u00bb1_4&Prime; _builder_version=\u00a0\u00bb3.26.6&Prime; global_colors_info=\u00a0\u00bb{}\u00a0\u00bb][et_pb_image src=\u00a0\u00bbhttps:\/\/www.assist-riviera.com\/wp-content\/uploads\/2019\/08\/installation-de-pompes-a-chaleur.jpg\u00a0\u00bb alt=\u00a0\u00bbinstallation de pompes a chaleur\u00a0\u00bb title_text=\u00a0\u00bbinstallation de pompes a chaleur\u00a0\u00bb _builder_version=\u00a0\u00bb3.26.6&Prime; global_colors_info=\u00a0\u00bb{}\u00a0\u00bb][\/et_pb_image][\/et_pb_column][\/et_pb_row][\/et_pb_section][et_pb_section fb_built=\u00a0\u00bb1&Prime; _builder_version=\u00a0\u00bb4.6.1&Prime; _module_preset=\u00a0\u00bbdefault\u00a0\u00bb global_colors_info=\u00a0\u00bb{}\u00a0\u00bb][et_pb_row _builder_version=\u00a0\u00bb4.6.1&Prime; _module_preset=\u00a0\u00bbdefault\u00a0\u00bb global_colors_info=\u00a0\u00bb{}\u00a0\u00bb][et_pb_column type=\u00a0\u00bb4_4&Prime; _builder_version=\u00a0\u00bb4.6.1&Prime; _module_preset=\u00a0\u00bbdefault\u00a0\u00bb global_colors_info=\u00a0\u00bb{}\u00a0\u00bb][et_pb_text _builder_version=\u00a0\u00bb4.13.0&Prime; hover_enabled=\u00a0\u00bb0&Prime; global_colors_info=\u00a0\u00bb{}\u00a0\u00bb sticky_enabled=\u00a0\u00bb0&Prime;]<\/p>\n<h2>Installation de ventilo-convecteurs \u00e0 cannes, mougins et mandelieu<\/h2>\n<p style=\"text-align: justify;\">La r\u00e9ussite d&rsquo;une <strong>installation de ventilo-convecteur<\/strong> repose sur le choix du mat\u00e9riel adapt\u00e9 et sur l\u2019expertise du professionnel intervenant. Sur Cannes, Mougins et Mandelieu, <strong>assist riviera<\/strong> prend en charge chaque \u00e9tape : analyse pr\u00e9alable du site, \u00e9tude des volumes \u00e0 traiter, prise en compte de l\u2019exposition, de l\u2019isolation et des besoins sp\u00e9cifiques des occupants.<\/p>\n<p style=\"text-align: justify;\">Cette d\u00e9marche personnalis\u00e9e permet de proposer la meilleure combinaison entre <strong>syst\u00e8me de pulsion d\u2019air<\/strong>, r\u00e9gulation intelligente et int\u00e9gration esth\u00e9tique. Que ce soit pour un <strong>chauffage r\u00e9actif<\/strong>, une climatisation discr\u00e8te ou un mix des deux, nos \u00e9quipes privil\u00e9gient toujours la durabilit\u00e9 et la ma\u00eetrise \u00e9nerg\u00e9tique.<\/p>\n<h2 style=\"text-align: justify;\">Le d\u00e9roulement d\u2019une pose ventilo-convecteur sur-mesure<\/h2>\n<p style=\"text-align: justify;\">Avec <strong>assist riviera<\/strong>, la <strong>pose ventilo-convecteur<\/strong> suit trois \u00e9tapes cl\u00e9s. L\u2019\u00e9tude initiale consiste \u00e0 \u00e9valuer les volumes et \u00e0 \u00e9changer sur vos attentes en mati\u00e8re de <strong>confort thermique<\/strong>. Cette phase garantit la pertinence du diagnostic et la s\u00e9lection du mod\u00e8le optimal.<\/p>\n<p style=\"text-align: justify;\">Apr\u00e8s validation, nos installateurs agr\u00e9\u00e9s proc\u00e8dent \u00e0 la mise en \u0153uvre : raccordements, fixation de l\u2019unit\u00e9 et int\u00e9gration harmonieuse dans le logement ou local professionnel. Toutes les interventions respectent les normes CVC pour assurer s\u00e9curit\u00e9, fiabilit\u00e9 et <strong>performance longue dur\u00e9e<\/strong>.<\/p>\n<p>[\/et_pb_text][\/et_pb_column][\/et_pb_row][\/et_pb_section][et_pb_section fb_built=\u00a0\u00bb1&Prime; _builder_version=\u00a0\u00bb3.26.6&Prime; background_color=\u00a0\u00bb#eeeeee\u00a0\u00bb global_colors_info=\u00a0\u00bb{}\u00a0\u00bb][et_pb_row _builder_version=\u00a0\u00bb3.26.6&Prime; custom_margin=\u00a0\u00bb|auto|23px|auto||\u00a0\u00bb global_colors_info=\u00a0\u00bb{}\u00a0\u00bb][et_pb_column type=\u00a0\u00bb4_4&Prime; _builder_version=\u00a0\u00bb3.26.6&Prime; global_colors_info=\u00a0\u00bb{}\u00a0\u00bb][et_pb_text _builder_version=\u00a0\u00bb4.13.0&Prime; text_font=\u00a0\u00bb|||on|||||\u00a0\u00bb text_text_color=\u00a0\u00bb#3f3f3f\u00a0\u00bb text_font_size=\u00a0\u00bb30px\u00a0\u00bb header_2_font=\u00a0\u00bb|||on|||||\u00a0\u00bb header_4_font=\u00a0\u00bb|700|||||||\u00a0\u00bb header_4_font_size=\u00a0\u00bb20px\u00a0\u00bb text_orientation=\u00a0\u00bbcenter\u00a0\u00bb custom_margin=\u00a0\u00bb||0px||false|false\u00a0\u00bb hover_enabled=\u00a0\u00bb0&Prime; text_text_align=\u00a0\u00bbcenter\u00a0\u00bb global_colors_info=\u00a0\u00bb{}\u00a0\u00bb sticky_enabled=\u00a0\u00bb0&Prime;]<\/p>\n<p>\u00a0Installation, Entretien &amp; D\u00e9pannage<\/p>\n<p>[\/et_pb_text][et_pb_divider color=\u00a0\u00bb#e02b20&Prime; divider_position=\u00a0\u00bbcenter\u00a0\u00bb divider_weight=\u00a0\u00bb5px\u00a0\u00bb _builder_version=\u00a0\u00bb3.26.6&Prime; width=\u00a0\u00bb50px\u00a0\u00bb module_alignment=\u00a0\u00bbcenter\u00a0\u00bb custom_margin=\u00a0\u00bb||6px||false|false\u00a0\u00bb global_colors_info=\u00a0\u00bb{}\u00a0\u00bb][\/et_pb_divider][\/et_pb_column][\/et_pb_row][et_pb_row column_structure=\u00a0\u00bb1_4,1_4,1_4,1_4&Prime; _builder_version=\u00a0\u00bb3.26.6&Prime; global_colors_info=\u00a0\u00bb{}\u00a0\u00bb][et_pb_column type=\u00a0\u00bb1_4&Prime; _builder_version=\u00a0\u00bb3.26.6&Prime; global_colors_info=\u00a0\u00bb{}\u00a0\u00bb][et_pb_blurb use_icon=\u00a0\u00bbon\u00a0\u00bb font_icon=\u00a0\u00bb&#xe01d;||divi||400&Prime; icon_color=\u00a0\u00bb#e02b20&Prime; image_icon_width=\u00a0\u00bb65px\u00a0\u00bb _builder_version=\u00a0\u00bb4.13.0&Prime; body_font=\u00a0\u00bb|600|||||||\u00a0\u00bb body_text_color=\u00a0\u00bb#000000&Prime; text_orientation=\u00a0\u00bbcenter\u00a0\u00bb animation=\u00a0\u00bboff\u00a0\u00bb border_color_all=\u00a0\u00bbrgba(155,155,155,0.3);\u00a0\u00bb border_width_left=\u00a0\u00bb2px\u00a0\u00bb border_color_left=\u00a0\u00bbrgba(155,155,155,0.3)\u00a0\u00bb icon_font_size=\u00a0\u00bb65px\u00a0\u00bb global_colors_info=\u00a0\u00bb{}\u00a0\u00bb]<\/p>\n<p style=\"text-align: center;\"><strong>ENTREPRISE LOCALE<\/strong><\/p>\n<p>[\/et_pb_blurb][\/et_pb_column][et_pb_column type=\u00a0\u00bb1_4&Prime; _builder_version=\u00a0\u00bb3.26.6&Prime; global_colors_info=\u00a0\u00bb{}\u00a0\u00bb][et_pb_blurb use_icon=\u00a0\u00bbon\u00a0\u00bb font_icon=\u00a0\u00bb&#x50;||divi||400&Prime; icon_color=\u00a0\u00bb#e02b20&Prime; image_icon_width=\u00a0\u00bb65px\u00a0\u00bb _builder_version=\u00a0\u00bb4.13.0&Prime; body_font=\u00a0\u00bb|600|||||||\u00a0\u00bb body_text_color=\u00a0\u00bb#000000&Prime; text_orientation=\u00a0\u00bbcenter\u00a0\u00bb animation=\u00a0\u00bboff\u00a0\u00bb border_color_all=\u00a0\u00bbrgba(155,155,155,0.3);\u00a0\u00bb border_width_left=\u00a0\u00bb2px\u00a0\u00bb border_color_left=\u00a0\u00bbrgba(155,155,155,0.3)\u00a0\u00bb icon_font_size=\u00a0\u00bb65px\u00a0\u00bb global_colors_info=\u00a0\u00bb{}\u00a0\u00bb]<\/p>\n<p style=\"text-align: center;\"><strong>TRAVAUX DE QUALITE<\/strong><\/p>\n<p>[\/et_pb_blurb][\/et_pb_column][et_pb_column type=\u00a0\u00bb1_4&Prime; _builder_version=\u00a0\u00bb3.26.6&Prime; global_colors_info=\u00a0\u00bb{}\u00a0\u00bb][et_pb_blurb use_icon=\u00a0\u00bbon\u00a0\u00bb font_icon=\u00a0\u00bb&#xe08b;||divi||400&Prime; icon_color=\u00a0\u00bb#e02b20&Prime; image_icon_width=\u00a0\u00bb65px\u00a0\u00bb _builder_version=\u00a0\u00bb4.13.0&Prime; body_font=\u00a0\u00bb|600|||||||\u00a0\u00bb body_text_color=\u00a0\u00bb#000000&Prime; text_orientation=\u00a0\u00bbcenter\u00a0\u00bb animation=\u00a0\u00bboff\u00a0\u00bb border_color_all=\u00a0\u00bbrgba(155,155,155,0.3);\u00a0\u00bb border_width_left=\u00a0\u00bb2px\u00a0\u00bb border_color_left=\u00a0\u00bbrgba(155,155,155,0.3)\u00a0\u00bb icon_font_size=\u00a0\u00bb65px\u00a0\u00bb global_colors_info=\u00a0\u00bb{}\u00a0\u00bb]<\/p>\n<p style=\"text-align: center;\"><strong>PROFESSIONNELS<\/strong><\/p>\n<p>[\/et_pb_blurb][\/et_pb_column][et_pb_column type=\u00a0\u00bb1_4&Prime; _builder_version=\u00a0\u00bb3.26.6&Prime; global_colors_info=\u00a0\u00bb{}\u00a0\u00bb][et_pb_blurb use_icon=\u00a0\u00bbon\u00a0\u00bb font_icon=\u00a0\u00bb&#x6c;||divi||400&Prime; icon_color=\u00a0\u00bb#e02b20&Prime; image_icon_width=\u00a0\u00bb65px\u00a0\u00bb _builder_version=\u00a0\u00bb4.13.0&Prime; body_font=\u00a0\u00bb|600|||||||\u00a0\u00bb body_text_color=\u00a0\u00bb#000000&Prime; text_orientation=\u00a0\u00bbcenter\u00a0\u00bb animation=\u00a0\u00bboff\u00a0\u00bb border_color_all=\u00a0\u00bbrgba(155,155,155,0.3);\u00a0\u00bb border_width_left=\u00a0\u00bb2px\u00a0\u00bb border_color_left=\u00a0\u00bbrgba(155,155,155,0.3)\u00a0\u00bb icon_font_size=\u00a0\u00bb65px\u00a0\u00bb global_colors_info=\u00a0\u00bb{}\u00a0\u00bb]<\/p>\n<p style=\"text-align: center;\"><strong>DEVIS GRATUIT<\/strong><\/p>\n<p>[\/et_pb_blurb][\/et_pb_column][\/et_pb_row][\/et_pb_section][et_pb_section fb_built=\u00a0\u00bb1&Prime; _builder_version=\u00a0\u00bb3.26.6&Prime; custom_margin=\u00a0\u00bb28px|||||\u00a0\u00bb global_colors_info=\u00a0\u00bb{}\u00a0\u00bb][et_pb_row column_structure=\u00a0\u00bb1_2,1_2&Prime; _builder_version=\u00a0\u00bb3.26.6&Prime; global_colors_info=\u00a0\u00bb{}\u00a0\u00bb][et_pb_column type=\u00a0\u00bb1_2&Prime; _builder_version=\u00a0\u00bb3.26.6&Prime; global_colors_info=\u00a0\u00bb{}\u00a0\u00bb][et_pb_text _builder_version=\u00a0\u00bb4.13.0&Prime; _module_preset=\u00a0\u00bbdefault\u00a0\u00bb hover_enabled=\u00a0\u00bb0&Prime; global_colors_info=\u00a0\u00bb{}\u00a0\u00bb sticky_enabled=\u00a0\u00bb0&Prime;]<\/p>\n<h3>Pr\u00e9paration et conseils avant installation<\/h3>\n<p style=\"text-align: justify;\">Un <strong>diagnostic thermique<\/strong> approfondi est recommand\u00e9 avant la <strong>pose ventilo-convecteur<\/strong>. Cela comprend l\u2019analyse de l\u2019isolation, le contr\u00f4le des ouvertures et la d\u00e9finition pr\u00e9cise des objectifs d\u2019\u00e9conomie d\u2019\u00e9nergie. Cette anticipation \u00e9vite tout surdimensionnement et garantit un investissement ma\u00eetris\u00e9.<\/p>\n<p style=\"text-align: justify;\">L\u2019\u00e9quipe <strong>assist riviera<\/strong> conseille sur le format le plus adapt\u00e9 : mural pour optimiser l\u2019espace, console pour l\u2019accessibilit\u00e9 ou gainable pour un effet invisible. Cette exigence de conseil personnalis\u00e9 forge notre r\u00e9putation aupr\u00e8s d\u2019une client\u00e8le exigeante recherchant des solutions fiables et performantes.<\/p>\n<p>[\/et_pb_text][\/et_pb_column][et_pb_column type=\u00a0\u00bb1_2&Prime; _builder_version=\u00a0\u00bb3.26.6&Prime; global_colors_info=\u00a0\u00bb{}\u00a0\u00bb][et_pb_image src=\u00a0\u00bbhttps:\/\/www.assist-riviera.com\/wp-content\/uploads\/2019\/08\/pose-de-clim.jpg\u00a0\u00bb alt=\u00a0\u00bbpose de climatisation\u00a0\u00bb title_text=\u00a0\u00bbpose de climatisation\u00a0\u00bb align=\u00a0\u00bbcenter\u00a0\u00bb _builder_version=\u00a0\u00bb3.26.6&Prime; box_shadow_style=\u00a0\u00bbpreset1&Prime; global_colors_info=\u00a0\u00bb{}\u00a0\u00bb][\/et_pb_image][\/et_pb_column][\/et_pb_row][et_pb_row _builder_version=\u00a0\u00bb4.13.0&Prime; _module_preset=\u00a0\u00bbdefault\u00a0\u00bb global_colors_info=\u00a0\u00bb{}\u00a0\u00bb][et_pb_column type=\u00a0\u00bb4_4&Prime; _builder_version=\u00a0\u00bb4.13.0&Prime; _module_preset=\u00a0\u00bbdefault\u00a0\u00bb global_colors_info=\u00a0\u00bb{}\u00a0\u00bb][et_pb_text _builder_version=\u00a0\u00bb4.13.0&Prime; _module_preset=\u00a0\u00bbdefault\u00a0\u00bb hover_enabled=\u00a0\u00bb0&Prime; global_colors_info=\u00a0\u00bb{}\u00a0\u00bb sticky_enabled=\u00a0\u00bb0&Prime;]<\/p>\n<h3>Un suivi et un entretien garantis<\/h3>\n<p style=\"text-align: justify;\">La <strong>maintenance<\/strong> r\u00e9guli\u00e8re d\u2019un ventilo-convecteur est essentielle pour pr\u00e9server ses performances. Un contrat d\u2019entretien inclut le nettoyage des filtres, la v\u00e9rification des \u00e9changeurs et la mise \u00e0 jour des syst\u00e8mes de r\u00e9gulation. Nos techniciens interviennent rapidement pour maintenir un <strong>confort thermique<\/strong> constant et s\u00e9curis\u00e9.<\/p>\n<p style=\"text-align: justify;\">Ce suivi prolonge la dur\u00e9e de vie de l\u2019installation et optimise la <strong>consommation \u00e9nerg\u00e9tique<\/strong>. Pour les professionnels, des prestations de maintenance pr\u00e9ventive existent afin de limiter les risques de panne, m\u00eame lors d\u2019utilisations intensives en p\u00e9riode de forte demande.<\/p>\n<h2 style=\"text-align: justify;\">Recevoir un devis personnalis\u00e9 pour votre ventilo-convecteur \u00e0 cannes, mougins ou mandelieu<\/h2>\n<p style=\"text-align: justify;\">Chaque <strong>projet de pose ventilo-convecteur<\/strong> implique des enjeux esth\u00e9tiques, fonctionnels et budg\u00e9taires uniques. <strong>Assist riviera<\/strong> propose des <strong>devis transparents<\/strong> et adapt\u00e9s \u00e0 chaque situation, prenant en compte le choix des mod\u00e8les, la puissance requise et les contraintes techniques du b\u00e2ti. Obtenir un chiffrage d\u00e9taill\u00e9, c\u2019est la garantie de planifier sereinement les travaux sans impr\u00e9vu.<\/p>\n<p style=\"text-align: justify;\">Profiter d\u2019une <strong>visite gratuite<\/strong> permet de nouer une relation de confiance avec le conseiller, de poser toutes vos questions sur le fonctionnement et de d\u00e9couvrir l\u2019ensemble des possibilit\u00e9s offertes. Chaque demande de devis re\u00e7oit une r\u00e9ponse rapide, pour s\u00e9curiser votre d\u00e9cision et profiter d\u2019un <strong>confort thermique<\/strong> optimal d\u00e8s la prochaine saison.<\/p>\n<p>[\/et_pb_text][et_pb_button button_url=\u00a0\u00bbtel:+33780999899&Prime; button_text=\u00a0\u00bbAppelez-Nous \u00a0\u00bb button_alignment=\u00a0\u00bbright\u00a0\u00bb _builder_version=\u00a0\u00bb4.13.0&Prime; custom_button=\u00a0\u00bbon\u00a0\u00bb button_text_size=\u00a0\u00bb20px\u00a0\u00bb button_text_color=\u00a0\u00bb#000000&Prime; button_bg_color=\u00a0\u00bb#e09900&Prime; button_border_width=\u00a0\u00bb0px\u00a0\u00bb button_border_color=\u00a0\u00bb#ffffff\u00a0\u00bb button_border_radius=\u00a0\u00bb0px\u00a0\u00bb button_icon=\u00a0\u00bb&#xe090;||divi||400&Prime; button_icon_color=\u00a0\u00bb#000000&Prime; button_icon_placement=\u00a0\u00bbleft\u00a0\u00bb button_on_hover=\u00a0\u00bboff\u00a0\u00bb global_colors_info=\u00a0\u00bb{}\u00a0\u00bb][\/et_pb_button][\/et_pb_column][\/et_pb_row][\/et_pb_section][et_pb_section fb_built=\u00a0\u00bb1&Prime; _builder_version=\u00a0\u00bb3.26.6&Prime; background_color=\u00a0\u00bbrgba(224,43,32,0.75)\u00a0\u00bb background_image=\u00a0\u00bbhttps:\/\/www.assist-riviera.com\/wp-content\/uploads\/2019\/08\/acheter-clim.jpg\u00a0\u00bb background_blend=\u00a0\u00bboverlay\u00a0\u00bb global_colors_info=\u00a0\u00bb{}\u00a0\u00bb][et_pb_row _builder_version=\u00a0\u00bb3.26.6&Prime; global_colors_info=\u00a0\u00bb{}\u00a0\u00bb][et_pb_column type=\u00a0\u00bb4_4&Prime; _builder_version=\u00a0\u00bb3.26.6&Prime; global_colors_info=\u00a0\u00bb{}\u00a0\u00bb][et_pb_text _builder_version=\u00a0\u00bb3.27.4&Prime; text_text_color=\u00a0\u00bb#ffffff\u00a0\u00bb text_font_size=\u00a0\u00bb33px\u00a0\u00bb text_line_height=\u00a0\u00bb1em\u00a0\u00bb header_4_font_size=\u00a0\u00bb28px\u00a0\u00bb text_orientation=\u00a0\u00bbcenter\u00a0\u00bb background_layout=\u00a0\u00bbdark\u00a0\u00bb custom_margin=\u00a0\u00bb||8px||false|false\u00a0\u00bb text_text_align=\u00a0\u00bbcenter\u00a0\u00bb global_colors_info=\u00a0\u00bb{}\u00a0\u00bb]T\u00c9MOIGNAGES<br \/>\n[\/et_pb_text][et_pb_image src=\u00a0\u00bbhttps:\/\/www.assist-riviera.com\/wp-content\/uploads\/2019\/08\/quotes.png\u00a0\u00bb align=\u00a0\u00bbcenter\u00a0\u00bb _builder_version=\u00a0\u00bb3.26.6&Prime; max_width=\u00a0\u00bb32px\u00a0\u00bb global_colors_info=\u00a0\u00bb{}\u00a0\u00bb][\/et_pb_image][\/et_pb_column][\/et_pb_row][et_pb_row column_structure=\u00a0\u00bb1_2,1_2&Prime; use_custom_gutter=\u00a0\u00bbon\u00a0\u00bb gutter_width=\u00a0\u00bb1&Prime; make_equal=\u00a0\u00bbon\u00a0\u00bb module_class=\u00a0\u00bbtestimonialSectionRed\u00a0\u00bb _builder_version=\u00a0\u00bb3.26.6&Prime; max_width=\u00a0\u00bb832px\u00a0\u00bb global_colors_info=\u00a0\u00bb{}\u00a0\u00bb][et_pb_column type=\u00a0\u00bb1_2&Prime; _builder_version=\u00a0\u00bb3.26.6&Prime; global_colors_info=\u00a0\u00bb{}\u00a0\u00bb][et_pb_text _builder_version=\u00a0\u00bb3.27.4&Prime; text_font_size=\u00a0\u00bb20px\u00a0\u00bb text_line_height=\u00a0\u00bb40px\u00a0\u00bb background_layout=\u00a0\u00bbdark\u00a0\u00bb global_colors_info=\u00a0\u00bb{}\u00a0\u00bb]<b>\u201cAmazing work, good job!\u201d<br \/>\n<\/b><em>Martin Colford \/ Valbonne<\/em><br \/>\n[\/et_pb_text][et_pb_text _builder_version=\u00a0\u00bb3.27.4&Prime; text_font_size=\u00a0\u00bb20px\u00a0\u00bb text_line_height=\u00a0\u00bb40px\u00a0\u00bb background_layout=\u00a0\u00bbdark\u00a0\u00bb global_colors_info=\u00a0\u00bb{}\u00a0\u00bb]<b>\u201cComp\u00e9tence, efficacit\u00e9, r\u00e9activit\u00e9\u201d<br \/>\n<\/b><em>David C. \/ Cannes<\/em><br \/>\n[\/et_pb_text][\/et_pb_column][et_pb_column type=\u00a0\u00bb1_2&Prime; _builder_version=\u00a0\u00bb3.26.6&Prime; custom_padding=\u00a0\u00bb|||50px|false|false\u00a0\u00bb custom_padding_tablet=\u00a0\u00bb|||0px|false|false\u00a0\u00bb custom_padding_phone=\u00a0\u00bb\u00a0\u00bb custom_padding_last_edited=\u00a0\u00bbon|phone\u00a0\u00bb border_color_all=\u00a0\u00bbrgba(255,255,255,0.5)\u00a0\u00bb border_width_left=\u00a0\u00bb2px\u00a0\u00bb border_color_left=\u00a0\u00bbrgba(255,255,255,0.55)\u00a0\u00bb border_width_left_tablet=\u00a0\u00bb0px\u00a0\u00bb border_width_left_phone=\u00a0\u00bb\u00a0\u00bb border_width_left_last_edited=\u00a0\u00bbon|phone\u00a0\u00bb global_colors_info=\u00a0\u00bb{}\u00a0\u00bb][et_pb_text _builder_version=\u00a0\u00bb3.27.4&Prime; text_font_size=\u00a0\u00bb20px\u00a0\u00bb text_line_height=\u00a0\u00bb40px\u00a0\u00bb background_layout=\u00a0\u00bbdark\u00a0\u00bb global_colors_info=\u00a0\u00bb{}\u00a0\u00bb]<b>\u201cHigh Standard and very efficient!\u201d<br \/>\n<\/b><em>Pete Sanders<\/em><br \/>\n[\/et_pb_text][et_pb_text _builder_version=\u00a0\u00bb3.27.4&Prime; text_font_size=\u00a0\u00bb20px\u00a0\u00bb text_line_height=\u00a0\u00bb40px\u00a0\u00bb background_layout=\u00a0\u00bbdark\u00a0\u00bb global_colors_info=\u00a0\u00bb{}\u00a0\u00bb]<b>\u201cI highly recommend Assist\u201d<br \/>\n<\/b><em>Chris Francis \/ Th\u00e9oule sur Mer<\/em><br \/>\n[\/et_pb_text][\/et_pb_column][\/et_pb_row][et_pb_row column_structure=\u00a0\u00bb1_3,1_3,1_3&Prime; _builder_version=\u00a0\u00bb3.26.6&Prime; global_colors_info=\u00a0\u00bb{}\u00a0\u00bb][et_pb_column type=\u00a0\u00bb1_3&Prime; _builder_version=\u00a0\u00bb3.26.6&Prime; global_colors_info=\u00a0\u00bb{}\u00a0\u00bb][\/et_pb_column][et_pb_column type=\u00a0\u00bb1_3&Prime; _builder_version=\u00a0\u00bb3.26.6&Prime; global_colors_info=\u00a0\u00bb{}\u00a0\u00bb][et_pb_button button_url=\u00a0\u00bbhttps:\/\/www.assist-riviera.com\/fr\/references\/\u00a0\u00bb button_text=\u00a0\u00bbVOIR LES T\u00c9MOIGNAGES\u00a0\u00bb button_alignment=\u00a0\u00bbcenter\u00a0\u00bb _builder_version=\u00a0\u00bb3.26.6&Prime; custom_button=\u00a0\u00bbon\u00a0\u00bb button_text_color=\u00a0\u00bb#ffffff\u00a0\u00bb button_bg_color=\u00a0\u00bbrgba(255,255,255,0)\u00a0\u00bb global_colors_info=\u00a0\u00bb{}\u00a0\u00bb][\/et_pb_button][\/et_pb_column][et_pb_column type=\u00a0\u00bb1_3&Prime; _builder_version=\u00a0\u00bb3.26.6&Prime; global_colors_info=\u00a0\u00bb{}\u00a0\u00bb][\/et_pb_column][\/et_pb_row][\/et_pb_section][et_pb_section fb_built=\u00a0\u00bb1&Prime; specialty=\u00a0\u00bbon\u00a0\u00bb _builder_version=\u00a0\u00bb3.26.6&Prime; background_color=\u00a0\u00bbrgba(224,224,224,0.27)\u00a0\u00bb custom_padding=\u00a0\u00bb0px||0px||false|false\u00a0\u00bb global_colors_info=\u00a0\u00bb{}\u00a0\u00bb][et_pb_column type=\u00a0\u00bb1_3&Prime; _builder_version=\u00a0\u00bb3.25&Prime; custom_padding=\u00a0\u00bb|||\u00a0\u00bb global_colors_info=\u00a0\u00bb{}\u00a0\u00bb custom_padding__hover=\u00a0\u00bb|||\u00a0\u00bb][et_pb_code _builder_version=\u00a0\u00bb3.26.6&Prime; custom_margin=\u00a0\u00bb-80px||||false|false\u00a0\u00bb custom_margin_tablet=\u00a0\u00bb\u00a0\u00bb custom_margin_phone=\u00a0\u00bb0px||||false|false\u00a0\u00bb custom_margin_last_edited=\u00a0\u00bbon|desktop\u00a0\u00bb global_colors_info=\u00a0\u00bb{}\u00a0\u00bb]<iframe style=\"border: 0;\" src=\"https:\/\/www.google.com\/maps\/embed?pb=!1m14!1m8!1m3!1d370089.8302425179!2d6.9814228!3d43.5580731!3m2!1i1024!2i768!4f13.1!3m3!1m2!1s0x0%3A0x1d0a4b776c0f5cdc!2sAssist!5e0!3m2!1sfr!2sfr!4v1565815989728!5m2!1sfr!2sfr\" width=\"100%\" height=\"350\" frameborder=\"0\" allowfullscreen=\"allowfullscreen\"><\/iframe>[\/et_pb_code][\/et_pb_column][et_pb_column type=\u00a0\u00bb2_3&Prime; specialty_columns=\u00a0\u00bb2&Prime; _builder_version=\u00a0\u00bb3.25&Prime; custom_padding=\u00a0\u00bb|||\u00a0\u00bb global_colors_info=\u00a0\u00bb{}\u00a0\u00bb custom_padding__hover=\u00a0\u00bb|||\u00a0\u00bb][et_pb_row_inner column_structure=\u00a0\u00bb1_3,1_3,1_3&Prime; _builder_version=\u00a0\u00bb3.26.6&Prime; global_colors_info=\u00a0\u00bb{}\u00a0\u00bb][et_pb_column_inner type=\u00a0\u00bb1_3&Prime; saved_specialty_column_type=\u00a0\u00bb2_3&Prime; _builder_version=\u00a0\u00bb3.26.6&Prime; global_colors_info=\u00a0\u00bb{}\u00a0\u00bb][et_pb_divider show_divider=\u00a0\u00bboff\u00a0\u00bb _builder_version=\u00a0\u00bb3.26.6&Prime; global_colors_info=\u00a0\u00bb{}\u00a0\u00bb][\/et_pb_divider][et_pb_blurb url=\u00a0\u00bbtel:+33780999899&Prime; use_icon=\u00a0\u00bbon\u00a0\u00bb font_icon=\u00a0\u00bb&#xe027;||divi||400&Prime; icon_color=\u00a0\u00bb#e02b20&Prime; image_icon_width=\u00a0\u00bb31px\u00a0\u00bb _builder_version=\u00a0\u00bb4.13.0&Prime; icon_font_size=\u00a0\u00bb31px\u00a0\u00bb global_colors_info=\u00a0\u00bb{}\u00a0\u00bb]<\/p>\n<p style=\"text-align: center;\"><a class=\"r_tel\" href=\"tel:+33780999899\">07 80 99 98 99<\/a><\/p>\n<p>[\/et_pb_blurb][\/et_pb_column_inner][et_pb_column_inner type=\u00a0\u00bb1_3&Prime; saved_specialty_column_type=\u00a0\u00bb2_3&Prime; _builder_version=\u00a0\u00bb3.26.6&Prime; global_colors_info=\u00a0\u00bb{}\u00a0\u00bb][et_pb_divider show_divider=\u00a0\u00bboff\u00a0\u00bb _builder_version=\u00a0\u00bb3.26.6&Prime; global_colors_info=\u00a0\u00bb{}\u00a0\u00bb][\/et_pb_divider][et_pb_blurb use_icon=\u00a0\u00bbon\u00a0\u00bb font_icon=\u00a0\u00bb&#xe01d;||divi||400&Prime; icon_color=\u00a0\u00bb#e02b20&Prime; image_icon_width=\u00a0\u00bb31px\u00a0\u00bb _builder_version=\u00a0\u00bb4.13.0&Prime; icon_font_size=\u00a0\u00bb31px\u00a0\u00bb global_colors_info=\u00a0\u00bb{}\u00a0\u00bb]<\/p>\n<p class=\"mobile-undersized-upper\" style=\"text-align: center;\">53, Bld de la R\u00e9publique<\/p>\n<p class=\"mobile-undersized-upper\" style=\"text-align: center;\">\u00a006400 CANNES<\/p>\n<p>[\/et_pb_blurb][\/et_pb_column_inner][et_pb_column_inner type=\u00a0\u00bb1_3&Prime; saved_specialty_column_type=\u00a0\u00bb2_3&Prime; _builder_version=\u00a0\u00bb3.26.6&Prime; global_colors_info=\u00a0\u00bb{}\u00a0\u00bb][et_pb_divider show_divider=\u00a0\u00bboff\u00a0\u00bb _builder_version=\u00a0\u00bb3.26.6&Prime; custom_margin=\u00a0\u00bb-12px|||||\u00a0\u00bb global_colors_info=\u00a0\u00bb{}\u00a0\u00bb][\/et_pb_divider][et_pb_divider show_divider=\u00a0\u00bboff\u00a0\u00bb _builder_version=\u00a0\u00bb3.26.6&Prime; custom_margin=\u00a0\u00bb-12px|||||\u00a0\u00bb global_colors_info=\u00a0\u00bb{}\u00a0\u00bb][\/et_pb_divider][et_pb_blurb use_icon=\u00a0\u00bbon\u00a0\u00bb font_icon=\u00a0\u00bb&#xe010;||divi||400&Prime; icon_color=\u00a0\u00bb#e02b20&Prime; image_icon_width=\u00a0\u00bb31px\u00a0\u00bb _builder_version=\u00a0\u00bb4.13.0&Prime; icon_font_size=\u00a0\u00bb31px\u00a0\u00bb global_colors_info=\u00a0\u00bb{}\u00a0\u00bb]<\/p>\n<p class=\"mobile-undersized-upper\" style=\"text-align: center;\"><a href=\"https:\/\/www.assist-riviera.com\/fr\/contact\/\"><span>Contact form<\/span><\/a><\/p>\n<p>[\/et_pb_blurb][\/et_pb_column_inner][\/et_pb_row_inner][\/et_pb_column][\/et_pb_section]<\/p>\n","protected":false},"excerpt":{"rendered":"<p>Pose de ventilo-convecteurs \u00e0 cannes, mougins et mandelieu : installation et entretien VENTILO-CONVECTEUR : INSTALLATION, ENTRETIEN ET D\u00c9PANNAGE Secteur R\u00e9sidenciel &amp; CommercialLe ventilo-convecteur s&rsquo;impose comme la solution id\u00e9ale pour garantir un confort thermique optimal tout au long de l\u2019ann\u00e9e. Ce syst\u00e8me polyvalent assure \u00e0 la fois le chauffage en hiver et le rafra\u00eechissement durant les [&hellip;]<\/p>\n","protected":false},"author":1,"featured_media":0,"parent":0,"menu_order":0,"comment_status":"closed","ping_status":"closed","template":"","meta":{"_et_pb_use_builder":"on","_et_pb_old_content":"","_et_gb_content_width":"","footnotes":""},"class_list":["post-11196","page","type-page","status-publish","hentry"],"yoast_head":"<!-- This site is optimized with the Yoast SEO plugin v25.9 - https:\/\/yoast.com\/wordpress\/plugins\/seo\/ -->\n<title>Pose ventilo-convecteurs Cannes, Mougins, Mandelieu - Assist Riviera<\/title>\n<meta name=\"description\" content=\"Installation et entretien de ventilo-convecteurs \u00e0 Cannes, Mougins et Mandelieu. Confort thermique, chauffage et climatisation performants avec Assist Riviera.\" \/>\n<meta name=\"robots\" content=\"index, follow, max-snippet:-1, max-image-preview:large, max-video-preview:-1\" \/>\n<link rel=\"canonical\" href=\"https:\/\/www.assist-riviera.com\/fr\/climatisation\/\" \/>\n<meta property=\"og:locale\" content=\"fr_FR\" \/>\n<meta property=\"og:type\" content=\"article\" \/>\n<meta property=\"og:title\" content=\"Pose ventilo-convecteurs Cannes, Mougins, Mandelieu - Assist Riviera\" \/>\n<meta property=\"og:description\" content=\"Installation et entretien de ventilo-convecteurs \u00e0 Cannes, Mougins et Mandelieu. Confort thermique, chauffage et climatisation performants avec Assist Riviera.\" \/>\n<meta property=\"og:url\" content=\"https:\/\/www.assist-riviera.com\/fr\/climatisation\/\" \/>\n<meta property=\"og:site_name\" content=\"Assist\" \/>\n<meta property=\"article:modified_time\" content=\"2026-04-20T15:47:42+00:00\" \/>\n<meta property=\"og:image\" content=\"https:\/\/www.assist-riviera.com\/wp-content\/uploads\/2019\/08\/worker.png\" \/>\n\t<meta property=\"og:image:width\" content=\"512\" \/>\n\t<meta property=\"og:image:height\" content=\"512\" \/>\n\t<meta property=\"og:image:type\" content=\"image\/png\" \/>\n<meta name=\"twitter:card\" content=\"summary_large_image\" \/>\n<meta name=\"twitter:label1\" content=\"Dur\u00e9e de lecture estim\u00e9e\" \/>\n\t<meta name=\"twitter:data1\" content=\"8 minutes\" \/>\n<script type=\"application\/ld+json\" class=\"yoast-schema-graph\">{\"@context\":\"https:\/\/schema.org\",\"@graph\":[{\"@type\":\"WebPage\",\"@id\":\"https:\/\/www.assist-riviera.com\/?page_id=11197\",\"url\":\"https:\/\/www.assist-riviera.com\/fr\/climatisation\/\",\"name\":\"Pose ventilo-convecteurs Cannes, Mougins, Mandelieu - Assist Riviera\",\"isPartOf\":{\"@id\":\"https:\/\/www.assist-riviera.com\/#website\"},\"primaryImageOfPage\":{\"@id\":\"https:\/\/www.assist-riviera.com\/fr\/climatisation\/#primaryimage\"},\"image\":{\"@id\":\"https:\/\/www.assist-riviera.com\/fr\/climatisation\/#primaryimage\"},\"thumbnailUrl\":\"https:\/\/www.assist-riviera.com\/wp-content\/uploads\/2019\/08\/worker-300x300.png\",\"datePublished\":\"2026-04-20T15:42:03+00:00\",\"dateModified\":\"2026-04-20T15:47:42+00:00\",\"description\":\"Installation et entretien de ventilo-convecteurs \u00e0 Cannes, Mougins et Mandelieu. Confort thermique, chauffage et climatisation performants avec Assist Riviera.\",\"breadcrumb\":{\"@id\":\"https:\/\/www.assist-riviera.com\/fr\/climatisation\/#breadcrumb\"},\"inLanguage\":\"fr-FR\",\"potentialAction\":[{\"@type\":\"ReadAction\",\"target\":[\"https:\/\/www.assist-riviera.com\/fr\/climatisation\/\"]}]},{\"@type\":\"ImageObject\",\"inLanguage\":\"fr-FR\",\"@id\":\"https:\/\/www.assist-riviera.com\/fr\/climatisation\/#primaryimage\",\"url\":\"https:\/\/www.assist-riviera.com\/wp-content\/uploads\/2019\/08\/worker-300x300.png\",\"contentUrl\":\"https:\/\/www.assist-riviera.com\/wp-content\/uploads\/2019\/08\/worker-300x300.png\"},{\"@type\":\"BreadcrumbList\",\"@id\":\"https:\/\/www.assist-riviera.com\/fr\/climatisation\/#breadcrumb\",\"itemListElement\":[{\"@type\":\"ListItem\",\"position\":1,\"name\":\"Home\",\"item\":\"https:\/\/www.assist-riviera.com\/fr\/\"},{\"@type\":\"ListItem\",\"position\":2,\"name\":\"Pose ventilo-convecteurs\"}]},{\"@type\":\"WebSite\",\"@id\":\"https:\/\/www.assist-riviera.com\/#website\",\"url\":\"https:\/\/www.assist-riviera.com\/\",\"name\":\"Assist\",\"description\":\"\",\"potentialAction\":[{\"@type\":\"SearchAction\",\"target\":{\"@type\":\"EntryPoint\",\"urlTemplate\":\"https:\/\/www.assist-riviera.com\/?s={search_term_string}\"},\"query-input\":{\"@type\":\"PropertyValueSpecification\",\"valueRequired\":true,\"valueName\":\"search_term_string\"}}],\"inLanguage\":\"fr-FR\"}]}<\/script>\n<!-- \/ Yoast SEO plugin. -->","yoast_head_json":{"title":"Pose ventilo-convecteurs Cannes, Mougins, Mandelieu - Assist Riviera","description":"Installation et entretien de ventilo-convecteurs \u00e0 Cannes, Mougins et Mandelieu. Confort thermique, chauffage et climatisation performants avec Assist Riviera.","robots":{"index":"index","follow":"follow","max-snippet":"max-snippet:-1","max-image-preview":"max-image-preview:large","max-video-preview":"max-video-preview:-1"},"canonical":"https:\/\/www.assist-riviera.com\/fr\/climatisation\/","og_locale":"fr_FR","og_type":"article","og_title":"Pose ventilo-convecteurs Cannes, Mougins, Mandelieu - Assist Riviera","og_description":"Installation et entretien de ventilo-convecteurs \u00e0 Cannes, Mougins et Mandelieu. Confort thermique, chauffage et climatisation performants avec Assist Riviera.","og_url":"https:\/\/www.assist-riviera.com\/fr\/climatisation\/","og_site_name":"Assist","article_modified_time":"2026-04-20T15:47:42+00:00","og_image":[{"width":512,"height":512,"url":"https:\/\/www.assist-riviera.com\/wp-content\/uploads\/2019\/08\/worker.png","type":"image\/png"}],"twitter_card":"summary_large_image","twitter_misc":{"Dur\u00e9e de lecture estim\u00e9e":"8 minutes"},"schema":{"@context":"https:\/\/schema.org","@graph":[{"@type":"WebPage","@id":"https:\/\/www.assist-riviera.com\/?page_id=11197","url":"https:\/\/www.assist-riviera.com\/fr\/climatisation\/","name":"Pose ventilo-convecteurs Cannes, Mougins, Mandelieu - Assist Riviera","isPartOf":{"@id":"https:\/\/www.assist-riviera.com\/#website"},"primaryImageOfPage":{"@id":"https:\/\/www.assist-riviera.com\/fr\/climatisation\/#primaryimage"},"image":{"@id":"https:\/\/www.assist-riviera.com\/fr\/climatisation\/#primaryimage"},"thumbnailUrl":"https:\/\/www.assist-riviera.com\/wp-content\/uploads\/2019\/08\/worker-300x300.png","datePublished":"2026-04-20T15:42:03+00:00","dateModified":"2026-04-20T15:47:42+00:00","description":"Installation et entretien de ventilo-convecteurs \u00e0 Cannes, Mougins et Mandelieu. Confort thermique, chauffage et climatisation performants avec Assist Riviera.","breadcrumb":{"@id":"https:\/\/www.assist-riviera.com\/fr\/climatisation\/#breadcrumb"},"inLanguage":"fr-FR","potentialAction":[{"@type":"ReadAction","target":["https:\/\/www.assist-riviera.com\/fr\/climatisation\/"]}]},{"@type":"ImageObject","inLanguage":"fr-FR","@id":"https:\/\/www.assist-riviera.com\/fr\/climatisation\/#primaryimage","url":"https:\/\/www.assist-riviera.com\/wp-content\/uploads\/2019\/08\/worker-300x300.png","contentUrl":"https:\/\/www.assist-riviera.com\/wp-content\/uploads\/2019\/08\/worker-300x300.png"},{"@type":"BreadcrumbList","@id":"https:\/\/www.assist-riviera.com\/fr\/climatisation\/#breadcrumb","itemListElement":[{"@type":"ListItem","position":1,"name":"Home","item":"https:\/\/www.assist-riviera.com\/fr\/"},{"@type":"ListItem","position":2,"name":"Pose ventilo-convecteurs"}]},{"@type":"WebSite","@id":"https:\/\/www.assist-riviera.com\/#website","url":"https:\/\/www.assist-riviera.com\/","name":"Assist","description":"","potentialAction":[{"@type":"SearchAction","target":{"@type":"EntryPoint","urlTemplate":"https:\/\/www.assist-riviera.com\/?s={search_term_string}"},"query-input":{"@type":"PropertyValueSpecification","valueRequired":true,"valueName":"search_term_string"}}],"inLanguage":"fr-FR"}]}},"_links":{"self":[{"href":"https:\/\/www.assist-riviera.com\/fr\/wp-json\/wp\/v2\/pages\/11196","targetHints":{"allow":["GET"]}}],"collection":[{"href":"https:\/\/www.assist-riviera.com\/fr\/wp-json\/wp\/v2\/pages"}],"about":[{"href":"https:\/\/www.assist-riviera.com\/fr\/wp-json\/wp\/v2\/types\/page"}],"author":[{"embeddable":true,"href":"https:\/\/www.assist-riviera.com\/fr\/wp-json\/wp\/v2\/users\/1"}],"replies":[{"embeddable":true,"href":"https:\/\/www.assist-riviera.com\/fr\/wp-json\/wp\/v2\/comments?post=11196"}],"version-history":[{"count":3,"href":"https:\/\/www.assist-riviera.com\/fr\/wp-json\/wp\/v2\/pages\/11196\/revisions"}],"predecessor-version":[{"id":11202,"href":"https:\/\/www.assist-riviera.com\/fr\/wp-json\/wp\/v2\/pages\/11196\/revisions\/11202"}],"wp:attachment":[{"href":"https:\/\/www.assist-riviera.com\/fr\/wp-json\/wp\/v2\/media?parent=11196"}],"curies":[{"name":"wp","href":"https:\/\/api.w.org\/{rel}","templated":true}]}}